{"id":1008,"date":"2020-07-30T16:18:10","date_gmt":"2020-07-30T23:18:10","guid":{"rendered":"https:\/\/evapolgar.com\/?page_id=1008"},"modified":"2022-09-21T06:12:33","modified_gmt":"2022-09-21T13:12:33","slug":"schedule","status":"publish","type":"page","link":"https:\/\/evapolgar.com\/hu\/schedule","title":{"rendered":"Schedule"},"content":{"rendered":"\t\t<div data-elementor-type=\"wp-post\" data-elementor-id=\"1008\" class=\"elementor elementor-1008\">\n\t\t\t\t\t\t<section class=\"elementor-section elementor-top-section elementor-element elementor-element-1b9881d elementor-section-boxed elementor-section-height-default elementor-section-height-default\" data-id=\"1b9881d\" data-element_type=\"section\" data-e-type=\"section\">\n\t\t\t\t\t\t<div class=\"elementor-container elementor-column-gap-default\">\n\t\t\t\t\t<div class=\"elementor-column elementor-col-100 elementor-top-column elementor-element elementor-element-b9d927d\" data-id=\"b9d927d\" data-element_type=\"column\" data-e-type=\"column\">\n\t\t\t<div class=\"elementor-widget-wrap elementor-element-populated\">\n\t\t\t\t\t\t<div class=\"elementor-element elementor-element-8e5b204 page-title elementor-invisible elementor-widget elementor-widget-heading\" data-id=\"8e5b204\" data-element_type=\"widget\" data-e-type=\"widget\" data-settings=\"{&quot;_animation&quot;:&quot;fadeInDown&quot;}\" data-widget_type=\"heading.default\">\n\t\t\t\t<div class=\"elementor-widget-container\">\n\t\t\t\t\t<h1 class=\"elementor-heading-title elementor-size-default\">Schedule<\/h1>\t\t\t\t<\/div>\n\t\t\t\t<\/div>\n\t\t\t\t<div class=\"elementor-element elementor-element-867d170 elementor-widget-divider--view-line_text elementor-widget-divider--element-align-center elementor-invisible elementor-widget elementor-widget-divider\" data-id=\"867d170\" data-element_type=\"widget\" data-e-type=\"widget\" data-settings=\"{&quot;_animation&quot;:&quot;zoomIn&quot;}\" data-widget_type=\"divider.default\">\n\t\t\t\t<div class=\"elementor-widget-container\">\n\t\t\t\t\t\t\t<div class=\"elementor-divider\">\n\t\t\t<span class=\"elementor-divider-separator\">\n\t\t\t\t\t\t\t<span class=\"elementor-divider__text elementor-divider__element\">\n\t\t\t\t\u2022\t\t\t\t<\/span>\n\t\t\t\t\t\t<\/span>\n\t\t<\/div>\n\t\t\t\t\t\t<\/div>\n\t\t\t\t<\/div>\n\t\t\t\t\t<\/div>\n\t\t<\/div>\n\t\t\t\t\t<\/div>\n\t\t<\/section>\n\t\t\t\t<section class=\"elementor-section elementor-top-section elementor-element elementor-element-26963ea elementor-section-boxed elementor-section-height-default elementor-section-height-default\" data-id=\"26963ea\" data-element_type=\"section\" data-e-type=\"section\">\n\t\t\t\t\t\t<div class=\"elementor-container elementor-column-gap-default\">\n\t\t\t\t\t<div class=\"elementor-column elementor-col-100 elementor-top-column elementor-element elementor-element-234c0ad\" data-id=\"234c0ad\" data-element_type=\"column\" data-e-type=\"column\">\n\t\t\t<div class=\"elementor-widget-wrap elementor-element-populated\">\n\t\t\t\t\t\t<div class=\"elementor-element elementor-element-c85264a elementor-invisible elementor-widget elementor-widget-heading\" data-id=\"c85264a\" data-element_type=\"widget\" data-e-type=\"widget\" data-settings=\"{&quot;_animation&quot;:&quot;fadeInLeft&quot;}\" data-widget_type=\"heading.default\">\n\t\t\t\t<div class=\"elementor-widget-container\">\n\t\t\t\t\t<h2 class=\"elementor-heading-title elementor-size-default\">Upcoming Events<\/h2>\t\t\t\t<\/div>\n\t\t\t\t<\/div>\n\t\t\t\t<div class=\"elementor-element elementor-element-e9c6cb4 elementor-invisible elementor-widget elementor-widget-text-editor\" data-id=\"e9c6cb4\" data-element_type=\"widget\" data-e-type=\"widget\" data-settings=\"{&quot;_animation&quot;:&quot;fadeInLeft&quot;}\" data-widget_type=\"text-editor.default\">\n\t\t\t\t<div class=\"elementor-widget-container\">\n\t\t\t\t\t\t\t\t\t<p>\u00a0 <div class=\"ecs-no-events\">Nincsenek j\u00f6v\u0151beni esem\u00e9nyek.<\/div><\/p>\t\t\t\t\t\t\t\t<\/div>\n\t\t\t\t<\/div>\n\t\t\t\t<div class=\"elementor-element elementor-element-6870c3b elementor-invisible elementor-widget elementor-widget-heading\" data-id=\"6870c3b\" data-element_type=\"widget\" data-e-type=\"widget\" data-settings=\"{&quot;_animation&quot;:&quot;fadeInLeft&quot;}\" data-widget_type=\"heading.default\">\n\t\t\t\t<div class=\"elementor-widget-container\">\n\t\t\t\t\t<h2 class=\"elementor-heading-title elementor-size-default\">Past Events<\/h2>\t\t\t\t<\/div>\n\t\t\t\t<\/div>\n\t\t\t\t<div class=\"elementor-element elementor-element-8ce0324 elementor-invisible elementor-widget elementor-widget-text-editor\" data-id=\"8ce0324\" data-element_type=\"widget\" data-e-type=\"widget\" data-settings=\"{&quot;_animation&quot;:&quot;fadeInLeft&quot;}\" data-widget_type=\"text-editor.default\">\n\t\t\t\t<div class=\"elementor-widget-container\">\n\t\t\t\t\t\t\t\t\t<p><ul class=\"ecs-event-list\"><li class=\"ecs-event\"><span class=\"duration time\"><span class=\"tribe-event-date-start\">2023. October 27.  Friday @ 18:00<\/span> &#8211; <span class=\"tribe-event-time\">20:00<\/span><\/span><span class=\"duration venue\"><em> at <\/em>Marczib\u00e1nyi T\u00e9ri M\u0171vel\u0151d\u00e9si K\u00f6zpont<\/span><h4 class=\"entry-title summary\"><a href=\"https:\/\/evapolgar.com\/hu\/event\/concerto-performance-with-the-danube-symphony-orchestra\/\" rel=\"bookmark\">Concerto Performance with the Danube Symphony Orchestra<\/a><\/h4><\/li><li class=\"ecs-event\"><span class=\"duration time\"><span class=\"tribe-event-date-start\">2023. September 22.  Friday @ 19:00<\/span> &#8211; <span class=\"tribe-event-time\">20:00<\/span><\/span><span class=\"duration venue\"><em> at <\/em>Franz Liszt Memorial Museum and Research Center<\/span><h4 class=\"entry-title summary\"><a href=\"https:\/\/evapolgar.com\/hu\/event\/20-jubileumi-mvm-koncertek-a-zongora\/\" rel=\"bookmark\">20. Jubileumi MVM Koncertek \u2013 A Zongora<\/a><\/h4><\/li><li class=\"ecs-event\"><span class=\"duration time\"><span class=\"tribe-event-date-start\">2023. May 18.  Thursday<\/span> &#8211; <span class=\"tribe-event-date-end\">2023. May 21.  Sunday<\/span><\/span><span class=\"duration venue\"><em> at <\/em>Palm Beach Atlantic University<\/span><h4 class=\"entry-title summary\"><a href=\"https:\/\/evapolgar.com\/hu\/event\/american-liszt-society-festival-3\/\" rel=\"bookmark\">American Liszt Society Festival<\/a><\/h4><\/li><li class=\"ecs-event\"><span class=\"duration time\"><span class=\"tribe-event-date-start\">2023. January 29.  Sunday @ 15:30<\/span> &#8211; <span class=\"tribe-event-time\">17:30<\/span><\/span><span class=\"duration venue\"><em> at <\/em>Metro Areena<\/span><h4 class=\"entry-title summary\"><a href=\"https:\/\/evapolgar.com\/hu\/event\/2023-european-figure-skating-championships-gala\/\" rel=\"bookmark\">2023 European Figure Skating Championships Gala<\/a><\/h4><\/li><li class=\"ecs-event\"><span class=\"duration time\"><span class=\"tribe-event-date-start\">2022. December 15.  Thursday @ 20:00<\/span> &#8211; <span class=\"tribe-event-time\">21:30<\/span><\/span><span class=\"duration venue\"><em> at <\/em>Carnegie Hall \u2013 Weill Recital Hall<\/span><h4 class=\"entry-title summary\"><a href=\"https:\/\/evapolgar.com\/hu\/event\/carnegie-hall-weill-recital-hall\/\" rel=\"bookmark\">Carnegie Hall \u2013 Weill Recital Hall<\/a><\/h4><\/li><li class=\"ecs-event\"><span class=\"duration time\"><span class=\"tribe-event-date-start\">2022. December 1.  Thursday @ 19:30<\/span> &#8211; <span class=\"tribe-event-time\">20:30<\/span><\/span><span class=\"duration venue\"><em> at <\/em>The Arts Club of Washington<\/span><h4 class=\"entry-title summary\"><a href=\"https:\/\/evapolgar.com\/hu\/event\/the-arts-club-of-washington\/\" rel=\"bookmark\">The Arts Club of Washington<\/a><\/h4><\/li><li class=\"ecs-event\"><span class=\"duration time\"><span class=\"tribe-event-date-start\">2022. November 29.  Tuesday @ 19:30<\/span> &#8211; <span class=\"tribe-event-time\">21:00<\/span><\/span><span class=\"duration venue\"><em> at <\/em>Terrace Theater, The Kennedy Center<\/span><h4 class=\"entry-title summary\"><a href=\"https:\/\/evapolgar.com\/hu\/event\/carpathian-impressions-concert-iii\/\" rel=\"bookmark\">Carpathian Impressions &#8211; Concert III<\/a><\/h4><\/li><li class=\"ecs-event\"><span class=\"duration time\"><span class=\"tribe-event-date-start\">2022. November 27.  Sunday @ 19:30<\/span> &#8211; <span class=\"tribe-event-time\">21:30<\/span><\/span><span class=\"duration venue\"><em> at <\/em>Judy and Arthur Zankel Hall, Carnegie Hall<\/span><h4 class=\"entry-title summary\"><a href=\"https:\/\/evapolgar.com\/hu\/event\/carpathian-impressions-concert-ii\/\" rel=\"bookmark\">Carpathian Impressions &#8211; Concert II<\/a><\/h4><\/li><li class=\"ecs-event\"><span class=\"duration time\"><span class=\"tribe-event-date-start\">2022. November 22.  Tuesday @ 19:30<\/span> &#8211; <span class=\"tribe-event-time\">21:30<\/span><\/span><span class=\"duration venue\"><em> at <\/em>Zipper Hall at Colburn School<\/span><h4 class=\"entry-title summary\"><a href=\"https:\/\/evapolgar.com\/hu\/event\/carpathian-impressions-concert-i\/\" rel=\"bookmark\">Carpathian Impressions &#8211; Concert I<\/a><\/h4><\/li><li class=\"ecs-event\"><span class=\"duration time\"><span class=\"tribe-event-date-start\">2022. October 23.  Sunday @ 14:00<\/span> &#8211; <span class=\"tribe-event-time\">15:00<\/span><\/span><span class=\"duration venue\"><em> at <\/em>The Nixon Library<\/span><h4 class=\"entry-title summary\"><a href=\"https:\/\/evapolgar.com\/hu\/event\/the-nixon-library-marking-the-release-of-ms-polgars-new-album-of-works-by-liszt\/\" rel=\"bookmark\">The Nixon Library \u2013 Marking the release of Ms. Polg\u00e1r\u2019s new album of works by Liszt<\/a><\/h4><\/li><li class=\"ecs-event\"><span class=\"duration time\"><span class=\"tribe-event-date-start\">2022. October 13.  Thursday<\/span> &#8211; <span class=\"tribe-event-date-end\">2022. October 16.  Sunday<\/span><\/span><span class=\"duration venue\"><em> at <\/em>Indiana University Jacobs School of Music<\/span><h4 class=\"entry-title summary\"><a href=\"https:\/\/evapolgar.com\/hu\/event\/american-liszt-society-festival-4\/\" rel=\"bookmark\">American Liszt Society Festival<\/a><\/h4><\/li><li class=\"ecs-event\"><span class=\"duration time\"><span class=\"tribe-event-date-start\">2022. October 2.  Sunday @ 15:00<\/span> &#8211; <span class=\"tribe-event-time\">17:00<\/span><\/span><span class=\"duration venue\"><em> at <\/em>Nichols Concert Hall, Evanston, IL<\/span><h4 class=\"entry-title summary\"><a href=\"https:\/\/evapolgar.com\/hu\/event\/evanston-illinois-nichols-concert-hall\/\" rel=\"bookmark\">Evanston, Illinois &#8211; Nichols Concert hall<\/a><\/h4><\/li><li class=\"ecs-event\"><span class=\"duration time\"><span class=\"tribe-event-date-start\">2022. April 10.  Sunday @ 19:30<\/span> &#8211; <span class=\"tribe-event-time\">20:30<\/span><\/span><span class=\"duration venue\"><em> at <\/em>Festetics Palace<\/span><h4 class=\"entry-title summary\"><a href=\"https:\/\/evapolgar.com\/hu\/event\/the-piano-at-the-festetics-palace\/\" rel=\"bookmark\">The Piano at the Festetics Palace<\/a><\/h4><\/li><li class=\"ecs-event\"><span class=\"duration time\"><span class=\"tribe-event-date-start\">2022. March 24.  Thursday @ 00:00<\/span><\/span><span class=\"duration venue\"><em> at <\/em>Wayland Baptist University School of Music<\/span><h4 class=\"entry-title summary\"><a href=\"https:\/\/evapolgar.com\/hu\/event\/guest-artist-recital-5\/\" rel=\"bookmark\">Guest Artist Recital<\/a><\/h4><\/li><li class=\"ecs-event\"><span class=\"duration time\"><span class=\"tribe-event-date-start\">2022. March 23.  Wednesday @ 00:00<\/span><\/span><span class=\"duration venue\"><em> at <\/em>Wayland Baptist University School of Music<\/span><h4 class=\"entry-title summary\"><a href=\"https:\/\/evapolgar.com\/hu\/event\/piano-masterclass-2\/\" rel=\"bookmark\">Piano Masterclass<\/a><\/h4><\/li><li class=\"ecs-event\"><span class=\"duration time\"><span class=\"tribe-event-date-start\">2022. March 20.  Sunday @ 16:00<\/span> &#8211; <span class=\"tribe-event-time\">17:30<\/span><\/span><span class=\"duration venue\"><em> at <\/em>University United Methodist Church<\/span><h4 class=\"entry-title summary\"><a href=\"https:\/\/evapolgar.com\/hu\/event\/world-premiere-of-preludes-7-movements-for-solo-piano-by-s-andrew-lloyd\/\" rel=\"bookmark\">World Premiere of Pr\u00e9ludes: 7 movements for solo piano by S. Andrew Lloyd<\/a><\/h4><\/li><li class=\"ecs-event\"><span class=\"duration time\"><span class=\"tribe-event-date-start\">2022. March 11.  Friday @ 10:00<\/span> &#8211; <span class=\"tribe-event-time\">11:30<\/span><\/span><span class=\"duration venue\"><em> at <\/em>Herbert and Nicole Wertheim Performing Arts Center<\/span><h4 class=\"entry-title summary\"><a href=\"https:\/\/evapolgar.com\/hu\/event\/piano-masterclass-3\/\" rel=\"bookmark\">Piano Masterclass<\/a><\/h4><\/li><li class=\"ecs-event\"><span class=\"duration time\"><span class=\"tribe-event-date-start\">2022. March 10.  Thursday @ 19:30<\/span> &#8211; <span class=\"tribe-event-time\">21:00<\/span><\/span><span class=\"duration venue\"><em> at <\/em>Herbert and Nicole Wertheim Performing Arts Center<\/span><h4 class=\"entry-title summary\"><a href=\"https:\/\/evapolgar.com\/hu\/event\/guest-artist-recital-13\/\" rel=\"bookmark\">Guest Artist Recital<\/a><\/h4><\/li><li class=\"ecs-event\"><span class=\"duration time\"><span class=\"tribe-event-date-start\">2022. March 3.  Thursday @ 19:00<\/span> &#8211; <span class=\"tribe-event-time\">20:30<\/span><\/span><span class=\"duration venue\"><em> at <\/em>Munson Chapel<\/span><h4 class=\"entry-title summary\"><a href=\"https:\/\/evapolgar.com\/hu\/event\/chamber-music-concert\/\" rel=\"bookmark\">Chamber Music Concert<\/a><\/h4><\/li><li class=\"ecs-event\"><span class=\"duration time\"><span class=\"tribe-event-date-start\">2021. November 2.  Tuesday @ 19:00<\/span> &#8211; <span class=\"tribe-event-time\">21:00<\/span><\/span><span class=\"duration venue\"><em> at <\/em>Daniel Recital Hall, Furman University<\/span><h4 class=\"entry-title summary\"><a href=\"https:\/\/evapolgar.com\/hu\/event\/piano-masterclass-4\/\" rel=\"bookmark\">Piano Masterclass<\/a><\/h4><\/li><li class=\"ecs-event\"><span class=\"duration time\"><span class=\"tribe-event-date-start\">2021. November 1.  Monday @ 20:00<\/span> &#8211; <span class=\"tribe-event-time\">21:30<\/span><\/span><span class=\"duration venue\"><em> at <\/em>Daniel Recital Hall, Furman University<\/span><h4 class=\"entry-title summary\"><a href=\"https:\/\/evapolgar.com\/hu\/event\/guest-artist-recital-6\/\" rel=\"bookmark\">Guest Artist Recital<\/a><\/h4><\/li><li class=\"ecs-event\"><span class=\"duration time\"><span class=\"tribe-event-date-start\">2021. October 15.  Friday @ 08:00<\/span> &#8211; <span class=\"tribe-event-date-end\">2021. October 18.  Monday @ 17:00<\/span><\/span><span class=\"duration venue\"><em> at <\/em>School of Music, Theatre and Dance, University of Michigan<\/span><h4 class=\"entry-title summary\"><a href=\"https:\/\/evapolgar.com\/hu\/event\/american-liszt-society-festival-2\/\" rel=\"bookmark\">American Liszt Society Festival<\/a><\/h4><\/li><li class=\"ecs-event\"><span class=\"duration time\"><span class=\"tribe-event-date-start\">2021. July 6.  Tuesday @ 19:00<\/span> &#8211; <span class=\"tribe-event-time\">20:00<\/span><\/span><span class=\"duration venue\"><em> at <\/em>Marble Hall of the Hungarian National Radio<\/span><h4 class=\"entry-title summary\"><a href=\"https:\/\/evapolgar.com\/hu\/event\/solo-recital-liszt-harmonies-patriotiques-et-religieuses\/\" rel=\"bookmark\">Solo Recital: Liszt &#8211; Harmonies patriotiques et religieuses<\/a><\/h4><\/li><li class=\"ecs-event\"><span class=\"duration time\"><span class=\"tribe-event-date-start\">2021. July 4.  Sunday @ 18:00<\/span> &#8211; <span class=\"tribe-event-time\">19:00<\/span><\/span><span class=\"duration venue\"><em> at <\/em>Lady of Snows Roman Catholic Church<\/span><h4 class=\"entry-title summary\"><a href=\"https:\/\/evapolgar.com\/hu\/event\/solo-recital-liszt-harmonies-patriotiques-et-religieuses-2\/\" rel=\"bookmark\">Solo Recital: Liszt &#8211; Harmonies patriotiques et religieuses<\/a><\/h4><\/li><li class=\"ecs-event\"><span class=\"duration time\"><span class=\"tribe-event-date-start\">2021. February 16.  Tuesday @ 18:00<\/span> &#8211; <span class=\"tribe-event-time\">19:30<\/span><\/span><span class=\"duration venue\"><em> at <\/em>Vigad\u00f3 Concert Hall<\/span><h4 class=\"entry-title summary\"><a href=\"https:\/\/evapolgar.com\/hu\/event\/liszt-benefit-gala-2\/\" rel=\"bookmark\">Liszt Benefit Gala<\/a><\/h4><\/li><li class=\"ecs-event\"><span class=\"duration time\"><span class=\"tribe-event-date-start\">2020. March 9.  Monday @ 16:30<\/span> &#8211; <span class=\"tribe-event-time\">17:30<\/span><\/span><span class=\"duration venue\"><em> at <\/em>Westbrook Recital Hall, Glenn Korff School of Music<\/span><h4 class=\"entry-title summary\"><a href=\"https:\/\/evapolgar.com\/hu\/event\/piano-masterclass\/\" rel=\"bookmark\">Piano Masterclass<\/a><\/h4><\/li><li class=\"ecs-event\"><span class=\"duration time\"><span class=\"tribe-event-date-start\">2020. March 8.  Sunday @ 15:00<\/span> &#8211; <span class=\"tribe-event-time\">16:00<\/span><\/span><span class=\"duration venue\"><em> at <\/em>Kimball Recital Hall, Glenn Korff School of Music<\/span><h4 class=\"entry-title summary\"><a href=\"https:\/\/evapolgar.com\/hu\/event\/guest-artist-recital-2\/\" rel=\"bookmark\">Guest Artist Recital<\/a><\/h4><\/li><li class=\"ecs-event\"><span class=\"duration time\"><span class=\"tribe-event-date-start\">2020. January 31.  Friday @ 20:00<\/span> &#8211; <span class=\"tribe-event-time\">22:00<\/span><\/span><span class=\"duration venue\"><em> at <\/em>McAllen Performing Arts Center<\/span><h4 class=\"entry-title summary\"><a href=\"https:\/\/evapolgar.com\/hu\/event\/valley-symphony-orchestra-educational-concerts\/\" rel=\"bookmark\">Valley Symphony Orchestra Educational Concerts<\/a><\/h4><\/li><li class=\"ecs-event\"><span class=\"duration time\"><span class=\"tribe-event-date-start\">2020. January 24.  Friday @ 20:00<\/span> &#8211; <span class=\"tribe-event-time\">22:00<\/span><\/span><span class=\"duration venue\"><em> at <\/em>McAllen Performing Arts Center<\/span><h4 class=\"entry-title summary\"><a href=\"https:\/\/evapolgar.com\/hu\/event\/valley-symphony-orchestra-educational-concert\/\" rel=\"bookmark\">Valley Symphony Orchestra Educational Concert<\/a><\/h4><\/li><li class=\"ecs-event\"><span class=\"duration time\"><span class=\"tribe-event-date-start\">2019. December 14.  Saturday @ 11:00<\/span> &#8211; <span class=\"tribe-event-time\">12:00<\/span><\/span><span class=\"duration venue\"><em> at <\/em>Franz Liszt Memorial Museum and Research Center<\/span><h4 class=\"entry-title summary\"><a href=\"https:\/\/evapolgar.com\/hu\/event\/saturday-matin%c3%a9e-concert\/\" rel=\"bookmark\">Saturday Matin\u00e9e Concert<\/a><\/h4><\/li><li class=\"ecs-event\"><span class=\"duration time\"><span class=\"tribe-event-date-start\">2019. December 2.  Monday @ 19:00<\/span> &#8211; <span class=\"tribe-event-time\">20:00<\/span><\/span><span class=\"duration venue\"><em> at <\/em>School of Music, East China Normal University<\/span><h4 class=\"entry-title summary\"><a href=\"https:\/\/evapolgar.com\/hu\/event\/guest-artist-recital-at-east-china-normal-university\/\" rel=\"bookmark\">Guest Artist Recital at East China Normal University<\/a><\/h4><\/li><li class=\"ecs-event\"><span class=\"duration time\"><span class=\"tribe-event-date-start\">2019. December 2.  Monday @ 10:00<\/span> &#8211; <span class=\"tribe-event-time\">12:00<\/span><\/span><span class=\"duration venue\"><em> at <\/em>School of Music, East China Normal University<\/span><h4 class=\"entry-title summary\"><a href=\"https:\/\/evapolgar.com\/hu\/event\/guest-piano-masterclass\/\" rel=\"bookmark\">Piano Masterclass<\/a><\/h4><\/li><li class=\"ecs-event\"><span class=\"duration time\"><span class=\"tribe-event-date-start\">2019. November 28.  Thursday @ 19:00<\/span> &#8211; <span class=\"tribe-event-time\">20:30<\/span><\/span><span class=\"duration venue\"><em> at <\/em>University of Shanghai for Science and Technology<\/span><h4 class=\"entry-title summary\"><a href=\"https:\/\/evapolgar.com\/hu\/event\/guest-artist-recital-12\/\" rel=\"bookmark\">Guest Artist Recital<\/a><\/h4><\/li><li class=\"ecs-event\"><span class=\"duration time\"><span class=\"tribe-event-date-start\">2019. November 24.  Sunday @ 15:00<\/span> &#8211; <span class=\"tribe-event-time\">16:00<\/span><\/span><span class=\"duration venue\"><em> at <\/em>Judy and Arthur Zankel Hall, Carnegie Hall<\/span><h4 class=\"entry-title summary\"><a href=\"https:\/\/evapolgar.com\/hu\/event\/chamber-music-concert-at-carnegie-hall\/\" rel=\"bookmark\">Chamber Music Concert<\/a><\/h4><\/li><li class=\"ecs-event\"><span class=\"duration time\"><span class=\"tribe-event-date-start\">2019. October 25.  Friday @ 19:30<\/span> &#8211; <span class=\"tribe-event-time\">21:00<\/span><\/span><span class=\"duration venue\"><em> at <\/em>Katzin Concert Hall, Herberger Institute for Design and the Arts<\/span><h4 class=\"entry-title summary\"><a href=\"https:\/\/evapolgar.com\/hu\/event\/guest-artist-recital-10\/\" rel=\"bookmark\">2019 American Liszt Society Festival<\/a><\/h4><\/li><li class=\"ecs-event\"><span class=\"duration time\"><span class=\"tribe-event-date-start\">2019. October 22.  Tuesday @ 19:30<\/span><\/span><span class=\"duration venue\"><em> at <\/em>University of Oregon, Beall Concert Hall<\/span><h4 class=\"entry-title summary\"><a href=\"https:\/\/evapolgar.com\/hu\/event\/2019-liszt-mini-fest-beall-hall-concerto-performance\/\" rel=\"bookmark\">2019 Liszt Mini-Fest @ Beall Hall: Concerto performance<\/a><\/h4><\/li><li class=\"ecs-event\"><span class=\"duration time\"><span class=\"tribe-event-date-start\">2019. October 19.  Saturday @ 16:00<\/span> &#8211; <span class=\"tribe-event-time\">19:00<\/span><\/span><span class=\"duration venue\"><em> at <\/em>University of Oregon, Beall Concert Hall<\/span><h4 class=\"entry-title summary\"><a href=\"https:\/\/evapolgar.com\/hu\/event\/guest-artist-recital-3\/\" rel=\"bookmark\">2019 Liszt Mini-Fest @ Beall Hall: Lecture and Masterclass<\/a><\/h4><\/li><li class=\"ecs-event\"><span class=\"duration time\"><span class=\"tribe-event-date-start\">2019. October 13.  Sunday @ 16:00<\/span> &#8211; <span class=\"tribe-event-time\">17:00<\/span><\/span><span class=\"duration venue\"><em> at <\/em>Munson Chapel, Azusa Pacific University<\/span><h4 class=\"entry-title summary\"><a href=\"https:\/\/evapolgar.com\/hu\/event\/eugene-alcalay-scholarship-fundraising-concert\/\" rel=\"bookmark\">Eugene Alcalay Scholarship Fundraising Concert<\/a><\/h4><\/li><li class=\"ecs-event\"><span class=\"duration time\"><span class=\"tribe-event-date-start\">2019. June 4.  Tuesday @ 19:30<\/span> &#8211; <span class=\"tribe-event-time\">21:00<\/span><\/span><span class=\"duration venue\"><em> at <\/em>Lorton Performance Center, University of Tulsa<\/span><h4 class=\"entry-title summary\"><a href=\"https:\/\/evapolgar.com\/hu\/event\/university-tulsa-summer-academy-pianists\/\" rel=\"bookmark\">University of Tulsa Summer Academy for Pianists &#8211; Guest Artist Recital<\/a><\/h4><\/li><li class=\"ecs-event\"><span class=\"duration time\"><span class=\"tribe-event-date-start\">2019. May 5.  Sunday @ 19:30<\/span> &#8211; <span class=\"tribe-event-time\">20:30<\/span><\/span><span class=\"duration venue\"><em> at <\/em>Cypress Recital Hall, Cal State University Northdridge<\/span><h4 class=\"entry-title summary\"><a href=\"https:\/\/evapolgar.com\/hu\/event\/guest-artist-recital-7\/\" rel=\"bookmark\">Guest Artist Recital<\/a><\/h4><\/li><li class=\"ecs-event\"><span class=\"duration time\"><span class=\"tribe-event-date-start\">2019. March 16.  Saturday @ 18:00<\/span> &#8211; <span class=\"tribe-event-time\">19:00<\/span><\/span><span class=\"duration venue\"><em> at <\/em>Hungarian Cultural Center, New York<\/span><h4 class=\"entry-title summary\"><a href=\"https:\/\/evapolgar.com\/hu\/event\/a-sopranos-guide-into-franz-liszts-genius-world\/\" rel=\"bookmark\">A Soprano&#8217;s Guide Into Franz Liszt&#8217;s Genius World<\/a><\/h4><\/li><li class=\"ecs-event\"><span class=\"duration time\"><span class=\"tribe-event-date-start\">2019. March 2.  Saturday @ 16:00<\/span> &#8211; <span class=\"tribe-event-time\">18:00<\/span><\/span><span class=\"duration venue\"><em> at <\/em>Josephine Campbell Recital Hall, University of North Dakota<\/span><h4 class=\"entry-title summary\"><a href=\"https:\/\/evapolgar.com\/hu\/event\/guest-artist-recital-university-north-dakota\/\" rel=\"bookmark\">Guest\/Faculty Recital<\/a><\/h4><\/li><li class=\"ecs-event\"><span class=\"duration time\"><span class=\"tribe-event-date-start\">2019. March 2.  Saturday @ 10:00<\/span> &#8211; <span class=\"tribe-event-time\">12:00<\/span><\/span><span class=\"duration venue\"><em> at <\/em>Josephine Campbell Recital Hall, University of North Dakota<\/span><h4 class=\"entry-title summary\"><a href=\"https:\/\/evapolgar.com\/hu\/event\/guest-piano-master-class\/\" rel=\"bookmark\">Piano Masterclass<\/a><\/h4><\/li><li class=\"ecs-event\"><span class=\"duration time\"><span class=\"tribe-event-date-start\">2019. February 28.  Thursday @ 19:30<\/span> &#8211; <span class=\"tribe-event-time\">20:30<\/span><\/span><span class=\"duration venue\"><em> at <\/em>Christiansen Recital Hall, Hvidsten Hall of Music, Concordia College<\/span><h4 class=\"entry-title summary\"><a href=\"https:\/\/evapolgar.com\/hu\/event\/guest-artist-recital-8\/\" rel=\"bookmark\">Collaborative Guest Artist Recital<\/a><\/h4><\/li><li class=\"ecs-event\"><span class=\"duration time\"><span class=\"tribe-event-date-start\">2019. February 24.  Sunday @ 15:00<\/span> &#8211; <span class=\"tribe-event-time\">16:30<\/span><\/span><span class=\"duration venue\"><em> at <\/em>Voertman Hall, UNT College of Music<\/span><h4 class=\"entry-title summary\"><a href=\"https:\/\/evapolgar.com\/hu\/event\/music-of-albert-roussel-1869-1937\/\" rel=\"bookmark\">Music of Albert Roussel (1869-1937)<\/a><\/h4><\/li><li class=\"ecs-event\"><span class=\"duration time\"><span class=\"tribe-event-date-start\">2019. February 10.  Sunday @ 17:00<\/span> &#8211; <span class=\"tribe-event-time\">18:00<\/span><\/span><span class=\"duration venue\"><em> at <\/em>Recital Hall, UNT College of Music<\/span><h4 class=\"entry-title summary\"><a href=\"https:\/\/evapolgar.com\/hu\/event\/reuben-allred-collaborative-piano-scholarship-concert\/\" rel=\"bookmark\">Reuben Allred Collaborative Piano Scholarship Concert<\/a><\/h4><\/li><li class=\"ecs-event\"><span class=\"duration time\"><span class=\"tribe-event-date-start\">2019. February 1.  Friday @ 20:00<\/span> &#8211; <span class=\"tribe-event-time\">21:00<\/span><\/span><span class=\"duration venue\"><em> at <\/em>The John J. Cali School of Music, Montclair State University<\/span><h4 class=\"entry-title summary\"><a href=\"https:\/\/evapolgar.com\/hu\/event\/guest-artist-recital-4\/\" rel=\"bookmark\">Guest Artist Recital<\/a><\/h4><\/li><li class=\"ecs-event\"><span class=\"duration time\"><span class=\"tribe-event-date-start\">2019. January 24.  Thursday @ 19:30<\/span> &#8211; <span class=\"tribe-event-time\">20:30<\/span><\/span><span class=\"duration venue\"><em> at <\/em>Steinway Piano Gallery, Miami<\/span><h4 class=\"entry-title summary\"><a href=\"https:\/\/evapolgar.com\/hu\/event\/guest-artist-recital\/\" rel=\"bookmark\">Piano Recital<\/a><\/h4><\/li><li class=\"ecs-event\"><span class=\"duration time\"><span class=\"tribe-event-date-start\">2019. January 19.  Saturday @ 08:00<\/span> &#8211; <span class=\"tribe-event-time\">17:00<\/span><\/span><span class=\"duration venue\"><em> at <\/em>Modern Art Museum of Fort Worth<\/span><h4 class=\"entry-title summary\"><a href=\"https:\/\/evapolgar.com\/hu\/event\/sounds-modern-broken-dolls\/\" rel=\"bookmark\">Sounds Modern: Broken Dolls<\/a><\/h4><\/li><li class=\"ecs-event\"><span class=\"duration time\"><span class=\"tribe-event-date-start\">2018. November 15.  Thursday @ 20:00<\/span> &#8211; <span class=\"tribe-event-time\">21:00<\/span><\/span><span class=\"duration venue\"><em> at <\/em>Loewe Performance Hall, University of Redlands School of Music<\/span><h4 class=\"entry-title summary\"><a href=\"https:\/\/evapolgar.com\/hu\/event\/guest-artist-recital-9\/\" rel=\"bookmark\">Guest Artist Recital<\/a><\/h4><\/li><li class=\"ecs-event\"><span class=\"duration time\"><span class=\"tribe-event-date-start\">2018. November 14.  Wednesday @ 16:00<\/span> &#8211; <span class=\"tribe-event-time\">18:00<\/span><\/span><span class=\"duration venue\"><em> at <\/em>Loewe Performance Hall, University of Redlands School of Music<\/span><h4 class=\"entry-title summary\"><a href=\"https:\/\/evapolgar.com\/hu\/event\/piano-master-class-with-dr-eva-polgar\/\" rel=\"bookmark\">Piano Masterclass<\/a><\/h4><\/li><li class=\"ecs-event\"><span class=\"duration time\"><span class=\"tribe-event-date-start\">2018. October 26.  Friday @ 18:00<\/span> &#8211; <span class=\"tribe-event-time\">20:00<\/span><\/span><span class=\"duration venue\"><em> at <\/em>Marczib\u00e1nyi T\u00e9ri M\u0171vel\u0151d\u00e9si K\u00f6zpont<\/span><h4 class=\"entry-title summary\"><a href=\"https:\/\/evapolgar.com\/hu\/event\/5-jubileumi-j%c3%b3t%c3%a9konys%c3%a1gi-koncert-ii-ker%c3%bclet-eg%c3%a9szs%c3%a9g%c3%a9%c3%a9rt\/\" rel=\"bookmark\">5. jubileumi j\u00f3t\u00e9konys\u00e1gi koncert a II. ker\u00fclet eg\u00e9szs\u00e9g\u00e9\u00e9rt<\/a><\/h4><\/li><li class=\"ecs-event\"><span class=\"duration time\"><span class=\"tribe-event-date-start\">2018. October 13.  Saturday @ 15:15<\/span> &#8211; <span class=\"tribe-event-time\">16:15<\/span><\/span><span class=\"duration venue\"><em> at <\/em>Furman University<\/span><h4 class=\"entry-title summary\"><a href=\"https:\/\/evapolgar.com\/hu\/event\/american-liszt-society-festival\/\" rel=\"bookmark\">American Liszt Society Festival<\/a><\/h4><\/li><li class=\"ecs-event\"><span class=\"duration time\"><span class=\"tribe-event-date-start\">2018. September 8.  Saturday @ 11:00<\/span> &#8211; <span class=\"tribe-event-time\">12:00<\/span><\/span><span class=\"duration venue\"><em> at <\/em>Modern Art Museum of Fort Worth<\/span><h4 class=\"entry-title summary\"><a href=\"https:\/\/evapolgar.com\/hu\/event\/faculty-recital-3\/\" rel=\"bookmark\">Sounds Modern<\/a><\/h4><\/li><li class=\"ecs-event\"><span class=\"duration time\"><span class=\"tribe-event-date-start\">2018. August 11.  Saturday @ 10:15<\/span> &#8211; <span class=\"tribe-event-time\">11:45<\/span><\/span><span class=\"duration venue\"><em> at <\/em>Hyatt Regency Orlando<\/span><h4 class=\"entry-title summary\"><a href=\"https:\/\/evapolgar.com\/hu\/event\/visionaries-twentieth-century-flute\/\" rel=\"bookmark\">Visionaries: The Twentieth-century Flute<\/a><\/h4><\/li><li class=\"ecs-event\"><span class=\"duration time\"><span class=\"tribe-event-date-start\">2018. June 16.  Saturday @ 19:00<\/span> &#8211; <span class=\"tribe-event-time\">20:00<\/span><\/span><span class=\"duration venue\"><em> at <\/em>Magyar R\u00e1di\u00f3, M\u00e1rv\u00e1nyterem<\/span><h4 class=\"entry-title summary\"><a href=\"https:\/\/evapolgar.com\/hu\/event\/evfordulok-2018-bernstein-100\/\" rel=\"bookmark\">\u00c9vfordul\u00f3k 2018\/Bernstein 100<\/a><\/h4><\/li><li class=\"ecs-event\"><span class=\"duration time\"><span class=\"tribe-event-date-start\">2018. May 28.  Monday @ 20:00<\/span> &#8211; <span class=\"tribe-event-time\">22:00<\/span><\/span><span class=\"duration venue\"><em> at <\/em>Gewandhaus Leipzig<\/span><h4 class=\"entry-title summary\"><a href=\"https:\/\/evapolgar.com\/hu\/event\/gewandhaus-zu-leipzig-germany\/\" rel=\"bookmark\">VI. Akademisches Konzert<\/a><\/h4><\/li><li class=\"ecs-event\"><span class=\"duration time\"><span class=\"tribe-event-date-start\">2018. May 18.  Friday @ 19:00<\/span> &#8211; <span class=\"tribe-event-time\">21:00<\/span><\/span><span class=\"duration venue\"><em> at <\/em>Duna Palota<\/span><h4 class=\"entry-title summary\"><a href=\"https:\/\/evapolgar.com\/hu\/event\/liszt-benefit-gala\/\" rel=\"bookmark\">Liszt Benefit Gala<\/a><\/h4><\/li><li class=\"ecs-event\"><span class=\"duration time\"><span class=\"tribe-event-date-start\">2018. February 17.  Saturday @ 15:30<\/span> &#8211; <span class=\"tribe-event-time\">16:30<\/span><\/span><span class=\"duration venue\"><em> at <\/em>Recital Hall, UNT College of Music<\/span><h4 class=\"entry-title summary\"><a href=\"https:\/\/evapolgar.com\/hu\/event\/piano-sundays-old-capitol\/\" rel=\"bookmark\">Reuben Allred Collaborative Piano Scholarship Fund Concert<\/a><\/h4><\/li><li class=\"ecs-event\"><span class=\"duration time\"><span class=\"tribe-event-date-start\">2017. November 17.  Friday @ 20:30<\/span> &#8211; <span class=\"tribe-event-time\">22:30<\/span><\/span><span class=\"duration venue\"><em> at <\/em>Teatro de Canc\u00fan<\/span><h4 class=\"entry-title summary\"><a href=\"https:\/\/evapolgar.com\/hu\/event\/gran-gala-piano-y-coros\/\" rel=\"bookmark\">Gran Gala Piano y Coros<\/a><\/h4><\/li><li class=\"ecs-event\"><span class=\"duration time\"><span class=\"tribe-event-date-start\">2017. November 16.  Thursday @ 19:00<\/span> &#8211; <span class=\"tribe-event-time\">20:30<\/span><\/span><span class=\"duration venue\"><em> at <\/em>Casa de Cultura Canc\u00fan<\/span><h4 class=\"entry-title summary\"><a href=\"https:\/\/evapolgar.com\/hu\/event\/recital-de-musica-hungara\/\" rel=\"bookmark\">Recital de m\u00fasica H\u00fangara<\/a><\/h4><\/li><li class=\"ecs-event\"><span class=\"duration time\"><span class=\"tribe-event-date-start\">2017. October 26.  Thursday @ 20:00<\/span> &#8211; <span class=\"tribe-event-time\">21:00<\/span><\/span><span class=\"duration venue\"><em> at <\/em>University of Redlands<\/span><h4 class=\"entry-title summary\"><a href=\"https:\/\/evapolgar.com\/hu\/event\/guest-artist-recital-11\/\" rel=\"bookmark\">Guest Artist Recital<\/a><\/h4><\/li><li class=\"ecs-event\"><span class=\"duration time\"><span class=\"tribe-event-date-start\">2017. September 23.  Saturday @ 14:00<\/span> &#8211; <span class=\"tribe-event-time\">15:30<\/span><\/span><h4 class=\"entry-title summary\"><a href=\"https:\/\/evapolgar.com\/hu\/event\/681\/\" rel=\"bookmark\">Sounds Modern<\/a><\/h4><\/li><li class=\"ecs-event\"><span class=\"duration time\"><span class=\"tribe-event-date-start\">2017. September 10.  Sunday @ 19:00<\/span> &#8211; <span class=\"tribe-event-time\">20:00<\/span><\/span><span class=\"duration venue\"><em> at <\/em>Hungarian House of New York<\/span><h4 class=\"entry-title summary\"><a href=\"https:\/\/evapolgar.com\/hu\/event\/2nd-hungarian-heritage-festival\/\" rel=\"bookmark\">2nd Hungarian Heritage Festival<\/a><\/h4><\/li><\/ul><script type=\"application\/ld+json\">\r\n[{\"@context\":\"http:\/\/schema.org\",\"@type\":\"Event\",\"name\":\"Concerto Performance with the Danube Symphony Orchestra\",\"description\":\"&lt;p&gt;Grieg: Piano Concerto in A minor, Op. 16 Conductor: Toshifumi Kanai Complete program TBA&lt;\/p&gt;\\\\n\",\"url\":\"https:\/\/evapolgar.com\/hu\/event\/concerto-performance-with-the-danube-symphony-orchestra\/\",\"eventAttendanceMode\":\"https:\/\/schema.org\/OfflineEventAttendanceMode\",\"eventStatus\":\"https:\/\/schema.org\/EventScheduled\",\"startDate\":\"2023-10-27T18:00:00+02:00\",\"endDate\":\"2023-10-27T20:00:00+02:00\",\"location\":{\"@type\":\"Place\",\"name\":\"Marczib\\u00e1nyi T\\u00e9ri M\\u0171vel\\u0151d\\u00e9si K\\u00f6zpont\",\"description\":\"\",\"url\":\"\",\"address\":{\"@type\":\"PostalAddress\",\"streetAddress\":\"Marczib\\u00e1nyi t\\u00e9r 5\/A\",\"addressLocality\":\"Budapest\",\"postalCode\":\"1022\",\"addressCountry\":\"Hungary\"},\"telephone\":\"\",\"sameAs\":\"http:\/\/www.marczi.hu\"},\"organizer\":{\"@type\":\"Person\",\"name\":\"T\\u00f6r\\u00f6s Alap\\u00edtv\\u00e1ny 2011\",\"description\":\"\",\"url\":\"\",\"telephone\":\"\",\"email\":\"\",\"sameAs\":\"\"},\"performer\":\"Organization\"},{\"@context\":\"http:\/\/schema.org\",\"@type\":\"Event\",\"name\":\"20. Jubileumi MVM Koncertek \\u2013 A Zongora\",\"description\":\"&lt;p&gt;Program: Franz Liszt (1811-1886): \\u00a0\\u00a0\\u00a0\\u00a0\\u00a0\\u00a0 Trois \\u00e9tudes de concert, S. 144 No. 1 Il lamento No. 2 La leggierezza No. 3 Un sospiro Arsentiy Kharitonov (1984- ): Concert etude, Op. [&hellip;]&lt;\/p&gt;\\\\n\",\"url\":\"https:\/\/evapolgar.com\/hu\/event\/20-jubileumi-mvm-koncertek-a-zongora\/\",\"eventAttendanceMode\":\"https:\/\/schema.org\/OfflineEventAttendanceMode\",\"eventStatus\":\"https:\/\/schema.org\/EventScheduled\",\"startDate\":\"2023-09-22T19:00:00+02:00\",\"endDate\":\"2023-09-22T20:00:00+02:00\",\"location\":{\"@type\":\"Place\",\"name\":\"Franz Liszt Memorial Museum and Research Center\",\"description\":\"\",\"url\":\"\",\"address\":{\"@type\":\"PostalAddress\",\"streetAddress\":\"V\\u00f6r\\u00f6smarty u. 35.\",\"addressLocality\":\"Budapest\",\"postalCode\":\"1064\",\"addressCountry\":\"Hungary\"},\"telephone\":\"\",\"sameAs\":\"http:\/\/www.lisztmuseum.hu\"},\"organizer\":{\"@type\":\"Person\",\"name\":\"Jakobi Concert Agency\",\"description\":\"\",\"url\":\"https:\/\/azongora.hu\",\"telephone\":\"+36 30 453 4108\",\"email\":\"m&#118;&#109;&#107;&#111;&#110;&#99;&#101;rt&#101;&#107;&#64;&#103;m&#97;&#105;l&#46;&#99;&#111;&#109;\",\"sameAs\":\"https:\/\/azongora.hu\"},\"performer\":\"Organization\"},{\"@context\":\"http:\/\/schema.org\",\"@type\":\"Event\",\"name\":\"American Liszt Society Festival\",\"description\":\"&lt;p&gt;Find complete program: https:\/\/www.pba.edu\/_resources\/pdf\/2023-American-Liszt-Society-Schedule.pdf&lt;\/p&gt;\\\\n\",\"url\":\"https:\/\/evapolgar.com\/hu\/event\/american-liszt-society-festival-3\/\",\"eventAttendanceMode\":\"https:\/\/schema.org\/OfflineEventAttendanceMode\",\"eventStatus\":\"https:\/\/schema.org\/EventScheduled\",\"startDate\":\"2023-05-18T00:00:00-04:00\",\"endDate\":\"2023-05-21T23:59:59-04:00\",\"location\":{\"@type\":\"Place\",\"name\":\"Palm Beach Atlantic University\",\"description\":\"\",\"url\":\"\",\"address\":{\"@type\":\"PostalAddress\",\"streetAddress\":\"901 S Flagler Drive\",\"addressLocality\":\"West Palm Beach\",\"postalCode\":\"33401\",\"addressCountry\":\"United States\"},\"telephone\":\"561.803.2000\",\"sameAs\":\"https:\/\/www.pba.edu\/academics\/schools\/college-of-the-arts\/school-of-the-performing-arts\/music\/american-liszt-society-festival.html\"},\"organizer\":{\"@type\":\"Person\",\"name\":\"The American Liszt Society\",\"description\":\"\",\"url\":\"https:\/\/www.americanlisztsociety.net\",\"telephone\":\"\",\"email\":\"\",\"sameAs\":\"https:\/\/www.americanlisztsociety.net\"},\"performer\":\"Organization\"},{\"@context\":\"http:\/\/schema.org\",\"@type\":\"Event\",\"name\":\"2023 European Figure Skating Championships Gala\",\"description\":\"&lt;p&gt;Jenni Saarinen, figure skater (FIN) and \\u00c9va Polg\\u00e1r, pianist (HUN) Live performance and choreography on Liszt: Liebestraum No. 3, S. 541&lt;\/p&gt;\\\\n\",\"url\":\"https:\/\/evapolgar.com\/hu\/event\/2023-european-figure-skating-championships-gala\/\",\"eventAttendanceMode\":\"https:\/\/schema.org\/OfflineEventAttendanceMode\",\"eventStatus\":\"https:\/\/schema.org\/EventScheduled\",\"startDate\":\"2023-01-29T15:30:00+02:00\",\"endDate\":\"2023-01-29T17:30:00+02:00\",\"location\":{\"@type\":\"Place\",\"name\":\"Metro Areena\",\"description\":\"\",\"url\":\"\",\"address\":{\"@type\":\"PostalAddress\",\"streetAddress\":\"Urheilupuistontie 3\",\"addressLocality\":\"Espoo\",\"postalCode\":\"02120\",\"addressCountry\":\"Finland\"},\"telephone\":\"+358 20 7352180\",\"sameAs\":\"https:\/\/metroareena.fi\"},\"organizer\":{\"@type\":\"Person\",\"name\":\"International Skating Union\",\"description\":\"\",\"url\":\"https:\/\/isu.org\",\"telephone\":\"+41 21 612 6666\",\"email\":\"\",\"sameAs\":\"https:\/\/isu.org\"},\"performer\":\"Organization\"},{\"@context\":\"http:\/\/schema.org\",\"@type\":\"Event\",\"name\":\"Carnegie Hall \\u2013 Weill Recital Hall\",\"description\":\"&lt;p&gt;Pianist \\u00c9va Polg\\u00e1r, Hungary Foundation\\u2019s Cultural Ambassador of the Year, bonds the musical heritage of the United States and Hungary with her program \\u201cEvocation&quot;. Celebrating the 140th anniversary of Hungarian [&hellip;]&lt;\/p&gt;\\\\n\",\"url\":\"https:\/\/evapolgar.com\/hu\/event\/carnegie-hall-weill-recital-hall\/\",\"eventAttendanceMode\":\"https:\/\/schema.org\/OfflineEventAttendanceMode\",\"eventStatus\":\"https:\/\/schema.org\/EventScheduled\",\"startDate\":\"2022-12-15T20:00:00-08:00\",\"endDate\":\"2022-12-15T21:30:00-08:00\",\"location\":{\"@type\":\"Place\",\"name\":\"Carnegie Hall \\u2013 Weill Recital Hall\",\"description\":\"\",\"url\":\"\",\"address\":{\"@type\":\"PostalAddress\",\"streetAddress\":\"154 W 57th St.\",\"addressLocality\":\"New York\",\"addressRegion\":\"NY\",\"addressCountry\":\"United States\"},\"telephone\":\"\",\"sameAs\":\"\"},\"performer\":\"Organization\"},{\"@context\":\"http:\/\/schema.org\",\"@type\":\"Event\",\"name\":\"The Arts Club of Washington\",\"description\":\"\",\"url\":\"https:\/\/evapolgar.com\/hu\/event\/the-arts-club-of-washington\/\",\"eventAttendanceMode\":\"https:\/\/schema.org\/OfflineEventAttendanceMode\",\"eventStatus\":\"https:\/\/schema.org\/EventScheduled\",\"startDate\":\"2022-12-01T19:30:00-08:00\",\"endDate\":\"2022-12-01T20:30:00-08:00\",\"location\":{\"@type\":\"Place\",\"name\":\"The Arts Club of Washington\",\"description\":\"\",\"url\":\"\",\"address\":{\"@type\":\"PostalAddress\",\"streetAddress\":\"2017 I St NW\",\"addressLocality\":\"Washington\",\"addressRegion\":\"DC\",\"addressCountry\":\"United States\"},\"telephone\":\"\",\"sameAs\":\"\"},\"performer\":\"Organization\"},{\"@context\":\"http:\/\/schema.org\",\"@type\":\"Event\",\"name\":\"Carpathian Impressions &#8211; Concert III\",\"description\":\"&lt;p&gt;PERFORMERS: L\\u00e1szl\\u00f3 Borb\\u00e9ly and \\u00c9va Polg\\u00e1r, classical piano G\\u00e1bor Varga, jazz piano PROGRAM: LISZT\\u00a0Two czardas BART\\u00d3K\\u00a0Allegro barbaro BART\\u00d3K\\u00a0Improvisations on Hungarian Peasant Songs LISZT\\u00a0Csardas macabre LISZT\\u00a0Sursum corda. Erhebet eure Herzen. KOD\\u00c1LY\\u00a0Valsette [&hellip;]&lt;\/p&gt;\\\\n\",\"url\":\"https:\/\/evapolgar.com\/hu\/event\/carpathian-impressions-concert-iii\/\",\"eventAttendanceMode\":\"https:\/\/schema.org\/OfflineEventAttendanceMode\",\"eventStatus\":\"https:\/\/schema.org\/EventScheduled\",\"startDate\":\"2022-11-29T19:30:00-05:00\",\"endDate\":\"2022-11-29T21:00:00-05:00\",\"location\":{\"@type\":\"Place\",\"name\":\"Terrace Theater, The Kennedy Center\",\"description\":\"\",\"url\":\"\",\"address\":{\"@type\":\"PostalAddress\",\"streetAddress\":\"2700 F St NW\",\"addressLocality\":\"Washington, DC\",\"postalCode\":\"20566\",\"addressCountry\":\"United States\"},\"telephone\":\"(202) 467-4600\",\"sameAs\":\"https:\/\/www.kennedy-center.org\/\"},\"organizer\":{\"@type\":\"Person\",\"name\":\"Union Business Ltd.\",\"description\":\"\",\"url\":\"\",\"telephone\":\"\",\"email\":\"\",\"sameAs\":\"\"},\"performer\":\"Organization\"},{\"@context\":\"http:\/\/schema.org\",\"@type\":\"Event\",\"name\":\"Carpathian Impressions &#8211; Concert II\",\"description\":\"&lt;p&gt;PERFORMERS: L\\u00e1szl\\u00f3 Borb\\u00e9ly and \\u00c9va Polg\\u00e1r - classical piano G\\u00e1bor Varga - jazz piano PROGRAM: LISZT\\u00a0Two czardas BART\\u00d3K\\u00a0Allegro barbaro BART\\u00d3K\\u00a0Improvisations on Hungarian Peasant Songs LISZT\\u00a0Csardas macabre LISZT\\u00a0Sursum corda. Erhebet eure [&hellip;]&lt;\/p&gt;\\\\n\",\"url\":\"https:\/\/evapolgar.com\/hu\/event\/carpathian-impressions-concert-ii\/\",\"eventAttendanceMode\":\"https:\/\/schema.org\/OfflineEventAttendanceMode\",\"eventStatus\":\"https:\/\/schema.org\/EventScheduled\",\"startDate\":\"2022-11-27T19:30:00-05:00\",\"endDate\":\"2022-11-27T21:30:00-05:00\",\"location\":{\"@type\":\"Place\",\"name\":\"Judy and Arthur Zankel Hall, Carnegie Hall\",\"description\":\"\",\"url\":\"\",\"address\":{\"@type\":\"PostalAddress\",\"streetAddress\":\"881 7th Avenue\",\"addressLocality\":\"New York\",\"addressRegion\":\"NY\",\"postalCode\":\"10019\",\"addressCountry\":\"United States\"},\"telephone\":\"(212) 247-7800\",\"sameAs\":\"https:\/\/www.carnegiehall.org\/About\/Building-Overview\/Zankel-Hall\"},\"organizer\":{\"@type\":\"Person\",\"name\":\"Union Business Ltd.\",\"description\":\"\",\"url\":\"\",\"telephone\":\"\",\"email\":\"\",\"sameAs\":\"\"},\"performer\":\"Organization\"},{\"@context\":\"http:\/\/schema.org\",\"@type\":\"Event\",\"name\":\"Carpathian Impressions &#8211; Concert I\",\"description\":\"&lt;p&gt;PERFORMERS: L\\u00e1szl\\u00f3 Borb\\u00e9ly and \\u00c9va Polg\\u00e1r - classical piano G\\u00e1bor Varga - jazz piano PROGRAM: LISZT\\u00a0Two czardas BART\\u00d3K\\u00a0Allegro barbaro BART\\u00d3K\\u00a0Improvisations on Hungarian Peasant Songs LISZT\\u00a0Csardas macabre LISZT\\u00a0Sursum corda. Erhebet eure [&hellip;]&lt;\/p&gt;\\\\n\",\"url\":\"https:\/\/evapolgar.com\/hu\/event\/carpathian-impressions-concert-i\/\",\"eventAttendanceMode\":\"https:\/\/schema.org\/OfflineEventAttendanceMode\",\"eventStatus\":\"https:\/\/schema.org\/EventScheduled\",\"startDate\":\"2022-11-22T19:30:00-08:00\",\"endDate\":\"2022-11-22T21:30:00-08:00\",\"location\":{\"@type\":\"Place\",\"name\":\"Zipper Hall at Colburn School\",\"description\":\"\",\"url\":\"\",\"address\":{\"@type\":\"PostalAddress\",\"streetAddress\":\"200 S Grand Ave\",\"addressLocality\":\"Los Angeles\",\"postalCode\":\"90012\",\"addressCountry\":\"United States\"},\"telephone\":\"213-621-2200\",\"sameAs\":\"https:\/\/www.colburnschool.edu\/calendar\/\"},\"organizer\":{\"@type\":\"Person\",\"name\":\"Union Business Ltd.\",\"description\":\"\",\"url\":\"\",\"telephone\":\"\",\"email\":\"\",\"sameAs\":\"\"},\"performer\":\"Organization\"},{\"@context\":\"http:\/\/schema.org\",\"@type\":\"Event\",\"name\":\"The Nixon Library \\u2013 Marking the release of Ms. Polg\\u00e1r\\u2019s new album of works by Liszt\",\"description\":\"\",\"url\":\"https:\/\/evapolgar.com\/hu\/event\/the-nixon-library-marking-the-release-of-ms-polgars-new-album-of-works-by-liszt\/\",\"eventAttendanceMode\":\"https:\/\/schema.org\/OfflineEventAttendanceMode\",\"eventStatus\":\"https:\/\/schema.org\/EventScheduled\",\"startDate\":\"2022-10-23T14:00:00-07:00\",\"endDate\":\"2022-10-23T15:00:00-07:00\",\"location\":{\"@type\":\"Place\",\"name\":\"The Nixon Library\",\"description\":\"\",\"url\":\"\",\"address\":{\"@type\":\"PostalAddress\",\"streetAddress\":\"18001 Yorba Linda Blvd\",\"addressLocality\":\"Yorba Linda\",\"addressRegion\":\"CA\",\"addressCountry\":\"United States\"},\"telephone\":\"\",\"sameAs\":\"\"},\"offers\":{\"@type\":\"Offer\",\"price\":\"0\",\"priceCurrency\":\"USD\",\"url\":\"https:\/\/evapolgar.com\/hu\/event\/the-nixon-library-marking-the-release-of-ms-polgars-new-album-of-works-by-liszt\/\",\"category\":\"primary\",\"availability\":\"inStock\",\"validFrom\":\"1970-01-01T00:00:00+00:00\"},\"performer\":\"Organization\"},{\"@context\":\"http:\/\/schema.org\",\"@type\":\"Event\",\"name\":\"American Liszt Society Festival\",\"description\":\"&lt;p&gt;Complete Festival Program: https:\/\/bpb-us-w2.wpmucdn.com\/blogs.iu.edu\/dist\/1\/801\/files\/2022\/10\/Program-Booklet.pdf&lt;\/p&gt;\\\\n\",\"url\":\"https:\/\/evapolgar.com\/hu\/event\/american-liszt-society-festival-4\/\",\"eventAttendanceMode\":\"https:\/\/schema.org\/OfflineEventAttendanceMode\",\"eventStatus\":\"https:\/\/schema.org\/EventScheduled\",\"startDate\":\"2022-10-13T00:00:00-07:00\",\"endDate\":\"2022-10-16T23:59:59-07:00\",\"location\":{\"@type\":\"Place\",\"name\":\"Indiana University Jacobs School of Music\",\"description\":\"\",\"url\":\"\",\"address\":{\"@type\":\"PostalAddress\",\"streetAddress\":\"205 Jordan Ave\",\"addressLocality\":\"Bloomington\",\"postalCode\":\"47405\",\"addressCountry\":\"United States\"},\"telephone\":\"\",\"sameAs\":\"https:\/\/music.indiana.edu\/\"},\"organizer\":{\"@type\":\"Person\",\"name\":\"The American Liszt Society\",\"description\":\"\",\"url\":\"https:\/\/www.americanlisztsociety.net\",\"telephone\":\"\",\"email\":\"\",\"sameAs\":\"https:\/\/www.americanlisztsociety.net\"},\"performer\":\"Organization\"},{\"@context\":\"http:\/\/schema.org\",\"@type\":\"Event\",\"name\":\"Evanston, Illinois &#8211; Nichols Concert hall\",\"description\":\"&lt;p&gt;Kicking off the tour will be her\\u00a0October 2, 3 pm performance at Evanston\\u2019s esteemed Nichols Concert Hall, 1490 Chicago avenue, Evanston IL.\\u00a0The program will include\\u00a0Claude Debussy\\u2019s\\u00a0First arabesque\\u00a0and\\u00a0L\\u2019isle joyeuse;\\u00a0Zolt\\u00e1n Kod\\u00e1ly\\u2019s\\u00a0M\\u00e9ditation sur [&hellip;]&lt;\/p&gt;\\\\n\",\"url\":\"https:\/\/evapolgar.com\/hu\/event\/evanston-illinois-nichols-concert-hall\/\",\"eventAttendanceMode\":\"https:\/\/schema.org\/OfflineEventAttendanceMode\",\"eventStatus\":\"https:\/\/schema.org\/EventScheduled\",\"startDate\":\"2022-10-02T15:00:00-05:00\",\"endDate\":\"2022-10-02T17:00:00-05:00\",\"location\":{\"@type\":\"Place\",\"name\":\"Nichols Concert Hall, Evanston, IL\",\"description\":\"\",\"url\":\"\",\"address\":{\"@type\":\"PostalAddress\",\"streetAddress\":\"1490 Chicago avenue\",\"addressLocality\":\"Evanston, IL\",\"addressCountry\":\"United States\"},\"telephone\":\"\",\"sameAs\":\"\"},\"performer\":\"Organization\"},{\"@context\":\"http:\/\/schema.org\",\"@type\":\"Event\",\"name\":\"The Piano at the Festetics Palace\",\"description\":\"&lt;p&gt;Program: Liszt: Les jeux d\\\\'eaux \\u00e0 la Villa d\\\\'Este, S. 163\/4 Liszt: Legend No. 1 - St. Fran\\u00e7ois d\\\\'Assise - La pr\\u00e9dication aux oiseaux, S. 175\/2 Debussy: Arabesque No. 1 [&hellip;]&lt;\/p&gt;\\\\n\",\"url\":\"https:\/\/evapolgar.com\/hu\/event\/the-piano-at-the-festetics-palace\/\",\"eventAttendanceMode\":\"https:\/\/schema.org\/OfflineEventAttendanceMode\",\"eventStatus\":\"https:\/\/schema.org\/EventScheduled\",\"startDate\":\"2022-04-10T19:30:00+02:00\",\"endDate\":\"2022-04-10T20:30:00+02:00\",\"location\":{\"@type\":\"Place\",\"name\":\"Festetics Palace\",\"description\":\"\",\"url\":\"\",\"address\":{\"@type\":\"PostalAddress\",\"streetAddress\":\"Pollack Mih\\u00e1ly t\\u00e9r 3\",\"addressLocality\":\"Budapest\",\"postalCode\":\"1088\",\"addressCountry\":\"Hungary\"},\"telephone\":\"+36 1 815 8105\",\"sameAs\":\"https:\/\/festeticspalota.hu\/\"},\"organizer\":{\"@type\":\"Person\",\"name\":\"MVM Koncertek\",\"description\":\"\",\"url\":\"http:\/\/www.azongora.hu\",\"telephone\":\"+36 70 626 1269\",\"email\":\"&#109;&#118;mk&#111;&#110;certe&#107;&#64;&#103;ma&#105;l&#46;&#99;&#111;&#109;\",\"sameAs\":\"http:\/\/www.azongora.hu\"},\"performer\":\"Organization\"},{\"@context\":\"http:\/\/schema.org\",\"@type\":\"Event\",\"name\":\"Guest Artist Recital\",\"description\":\"&lt;p&gt;Time: TBA Program: TBA&lt;\/p&gt;\\\\n\",\"url\":\"https:\/\/evapolgar.com\/hu\/event\/guest-artist-recital-5\/\",\"eventAttendanceMode\":\"https:\/\/schema.org\/OfflineEventAttendanceMode\",\"eventStatus\":\"https:\/\/schema.org\/EventScheduled\",\"startDate\":\"2022-03-24T00:00:00-06:00\",\"endDate\":\"2022-03-24T00:00:00-06:00\",\"location\":{\"@type\":\"Place\",\"name\":\"Wayland Baptist University School of Music\",\"description\":\"\",\"url\":\"\",\"address\":{\"@type\":\"PostalAddress\",\"streetAddress\":\"1900 West 7th Street CMB 1286\",\"addressLocality\":\"Plainview\",\"addressRegion\":\"TX\",\"postalCode\":\"79072\",\"addressCountry\":\"United States\"},\"telephone\":\"(806) 291-3550\",\"sameAs\":\"https:\/\/www.wbu.edu\/academics\/schools\/school-of-music\/\"},\"organizer\":{\"@type\":\"Person\",\"name\":\"Wayland Baptist University School of Music\",\"description\":\"\",\"url\":\"https:\/\/www.wbu.edu\/academics\/schools\/school-of-music\/\",\"telephone\":\"(806) 291-3550\",\"email\":\"\",\"sameAs\":\"https:\/\/www.wbu.edu\/academics\/schools\/school-of-music\/\"},\"performer\":\"Organization\"},{\"@context\":\"http:\/\/schema.org\",\"@type\":\"Event\",\"name\":\"Piano Masterclass\",\"description\":\"\",\"url\":\"https:\/\/evapolgar.com\/hu\/event\/piano-masterclass-2\/\",\"eventAttendanceMode\":\"https:\/\/schema.org\/OfflineEventAttendanceMode\",\"eventStatus\":\"https:\/\/schema.org\/EventScheduled\",\"startDate\":\"2022-03-23T00:00:00-06:00\",\"endDate\":\"2022-03-23T00:00:00-06:00\",\"location\":{\"@type\":\"Place\",\"name\":\"Wayland Baptist University School of Music\",\"description\":\"\",\"url\":\"\",\"address\":{\"@type\":\"PostalAddress\",\"streetAddress\":\"1900 West 7th Street CMB 1286\",\"addressLocality\":\"Plainview\",\"addressRegion\":\"TX\",\"postalCode\":\"79072\",\"addressCountry\":\"United States\"},\"telephone\":\"(806) 291-3550\",\"sameAs\":\"https:\/\/www.wbu.edu\/academics\/schools\/school-of-music\/\"},\"organizer\":{\"@type\":\"Person\",\"name\":\"Wayland Baptist University School of Music\",\"description\":\"\",\"url\":\"https:\/\/www.wbu.edu\/academics\/schools\/school-of-music\/\",\"telephone\":\"(806) 291-3550\",\"email\":\"\",\"sameAs\":\"https:\/\/www.wbu.edu\/academics\/schools\/school-of-music\/\"},\"performer\":\"Organization\"},{\"@context\":\"http:\/\/schema.org\",\"@type\":\"Event\",\"name\":\"World Premiere of Pr\\u00e9ludes: 7 movements for solo piano by S. Andrew Lloyd\",\"description\":\"\",\"url\":\"https:\/\/evapolgar.com\/hu\/event\/world-premiere-of-preludes-7-movements-for-solo-piano-by-s-andrew-lloyd\/\",\"eventAttendanceMode\":\"https:\/\/schema.org\/OfflineEventAttendanceMode\",\"eventStatus\":\"https:\/\/schema.org\/EventScheduled\",\"startDate\":\"2022-03-20T16:00:00-06:00\",\"endDate\":\"2022-03-20T17:30:00-06:00\",\"location\":{\"@type\":\"Place\",\"name\":\"University United Methodist Church\",\"description\":\"\",\"url\":\"\",\"address\":{\"@type\":\"PostalAddress\",\"streetAddress\":\"5084 De Zavala\",\"addressLocality\":\"San Antonio\",\"addressRegion\":\"TX\",\"postalCode\":\"78249\",\"addressCountry\":\"United States\"},\"telephone\":\"\",\"sameAs\":\"www.universitysatx.org\"},\"organizer\":{\"@type\":\"Person\",\"name\":\"University United Methodist Church\",\"description\":\"\",\"url\":\"\",\"telephone\":\"\",\"email\":\"\",\"sameAs\":\"\"},\"performer\":\"Organization\"},{\"@context\":\"http:\/\/schema.org\",\"@type\":\"Event\",\"name\":\"Piano Masterclass\",\"description\":\"\",\"url\":\"https:\/\/evapolgar.com\/hu\/event\/piano-masterclass-3\/\",\"eventAttendanceMode\":\"https:\/\/schema.org\/OfflineEventAttendanceMode\",\"eventStatus\":\"https:\/\/schema.org\/EventScheduled\",\"startDate\":\"2022-03-11T10:00:00-05:00\",\"endDate\":\"2022-03-11T11:30:00-05:00\",\"location\":{\"@type\":\"Place\",\"name\":\"Herbert and Nicole Wertheim Performing Arts Center\",\"description\":\"\",\"url\":\"\",\"address\":{\"@type\":\"PostalAddress\",\"streetAddress\":\"10910 SW 17th St\",\"addressLocality\":\"Miami\",\"addressRegion\":\"FL\",\"postalCode\":\"33199\",\"addressCountry\":\"United States\"},\"telephone\":\"(305) 348-2896\",\"sameAs\":\"https:\/\/carta.fiu.edu\/music\/\"},\"organizer\":{\"@type\":\"Person\",\"name\":\"Florida International University, School of Music\",\"description\":\"\",\"url\":\"\",\"telephone\":\"\",\"email\":\"\",\"sameAs\":\"\"},\"performer\":\"Organization\"},{\"@context\":\"http:\/\/schema.org\",\"@type\":\"Event\",\"name\":\"Guest Artist Recital\",\"description\":\"\",\"url\":\"https:\/\/evapolgar.com\/hu\/event\/guest-artist-recital-13\/\",\"eventAttendanceMode\":\"https:\/\/schema.org\/OfflineEventAttendanceMode\",\"eventStatus\":\"https:\/\/schema.org\/EventScheduled\",\"startDate\":\"2022-03-10T19:30:00-05:00\",\"endDate\":\"2022-03-10T21:00:00-05:00\",\"location\":{\"@type\":\"Place\",\"name\":\"Herbert and Nicole Wertheim Performing Arts Center\",\"description\":\"\",\"url\":\"\",\"address\":{\"@type\":\"PostalAddress\",\"streetAddress\":\"10910 SW 17th St\",\"addressLocality\":\"Miami\",\"addressRegion\":\"FL\",\"postalCode\":\"33199\",\"addressCountry\":\"United States\"},\"telephone\":\"(305) 348-2896\",\"sameAs\":\"https:\/\/carta.fiu.edu\/music\/\"},\"organizer\":{\"@type\":\"Person\",\"name\":\"Florida International University, School of Music\",\"description\":\"\",\"url\":\"\",\"telephone\":\"\",\"email\":\"\",\"sameAs\":\"\"},\"performer\":\"Organization\"},{\"@context\":\"http:\/\/schema.org\",\"@type\":\"Event\",\"name\":\"Chamber Music Concert\",\"description\":\"&lt;p&gt;Lisa Bost-Sandberg, flute \\u00c9va Polg\\u00e1r, piano&lt;\/p&gt;\\\\n\",\"url\":\"https:\/\/evapolgar.com\/hu\/event\/chamber-music-concert\/\",\"eventAttendanceMode\":\"https:\/\/schema.org\/OfflineEventAttendanceMode\",\"eventStatus\":\"https:\/\/schema.org\/EventScheduled\",\"startDate\":\"2022-03-03T19:00:00-08:00\",\"endDate\":\"2022-03-03T20:30:00-08:00\",\"location\":{\"@type\":\"Place\",\"name\":\"Munson Chapel\",\"description\":\"\",\"url\":\"\",\"address\":{\"@type\":\"PostalAddress\",\"streetAddress\":\"901 E Alosta Ave\",\"addressLocality\":\"Azusa\",\"addressRegion\":\"CA\",\"postalCode\":\"91702-2701\",\"addressCountry\":\"United States\"},\"telephone\":\"(626) 815-3848\",\"sameAs\":\"https:\/\/www.apu.edu\/music\/\"},\"organizer\":{\"@type\":\"Person\",\"name\":\"Azusa Pacific University, College of the Arts\",\"description\":\"\",\"url\":\"https:\/\/www.apu.edu\/music\/about\/\",\"telephone\":\"(626) 815-3848\",\"email\":\"&#115;&#99;h&#111;&#111;&#108;&#111;&#102;mu&#115;&#105;c&#64;apu&#46;e&#100;&#117;\",\"sameAs\":\"https:\/\/www.apu.edu\/music\/about\/\"},\"performer\":\"Organization\"},{\"@context\":\"http:\/\/schema.org\",\"@type\":\"Event\",\"name\":\"Piano Masterclass\",\"description\":\"&lt;p&gt;Variations in F minor, Hob. XVII\/6 \\u00a0\\u00a0\\u00a0\\u00a0\\u00a0\\u00a0\\u00a0\\u00a0\\u00a0\\u00a0\\u00a0\\u00a0 Joseph Haydn (1732-1809) \\u00a0\\u00a0\\u00a0\\u00a0\\u00a0\\u00a0\\u00a0\\u00a0\\u00a0\\u00a0\\u00a0\\u00a0\\u00a0\\u00a0\\u00a0\\u00a0\\u00a0\\u00a0\\u00a0\\u00a0\\u00a0\\u00a0\\u00a0\\u00a0\\u00a0\\u00a0\\u00a0\\u00a0\\u00a0\\u00a0\\u00a0\\u00a0\\u00a0\\u00a0\\u00a0\\u00a0\\u00a0\\u00a0\\u00a0\\u00a0\\u00a0\\u00a0\\u00a0\\u00a0\\u00a0\\u00a0\\u00a0 Bryan Fields Sonata in D major, Op. 28\\u00a0\\u00a0\\u00a0\\u00a0\\u00a0\\u00a0\\u00a0\\u00a0\\u00a0\\u00a0\\u00a0\\u00a0\\u00a0\\u00a0\\u00a0\\u00a0\\u00a0\\u00a0\\u00a0\\u00a0\\u00a0\\u00a0\\u00a0\\u00a0\\u00a0\\u00a0\\u00a0\\u00a0 Ludwig van Beethoven (1770-1827) Rondo \\u2013 Allegro ma non troppo \\u00a0\\u00a0\\u00a0\\u00a0\\u00a0\\u00a0\\u00a0\\u00a0\\u00a0\\u00a0\\u00a0\\u00a0\\u00a0\\u00a0\\u00a0\\u00a0\\u00a0\\u00a0\\u00a0\\u00a0\\u00a0\\u00a0\\u00a0\\u00a0\\u00a0\\u00a0\\u00a0\\u00a0\\u00a0\\u00a0\\u00a0\\u00a0\\u00a0\\u00a0\\u00a0\\u00a0\\u00a0\\u00a0\\u00a0\\u00a0\\u00a0\\u00a0\\u00a0\\u00a0\\u00a0\\u00a0\\u00a0 [&hellip;]&lt;\/p&gt;\\\\n\",\"url\":\"https:\/\/evapolgar.com\/hu\/event\/piano-masterclass-4\/\",\"eventAttendanceMode\":\"https:\/\/schema.org\/OfflineEventAttendanceMode\",\"eventStatus\":\"https:\/\/schema.org\/EventScheduled\",\"startDate\":\"2021-11-02T19:00:00-04:00\",\"endDate\":\"2021-11-02T21:00:00-04:00\",\"location\":{\"@type\":\"Place\",\"name\":\"Daniel Recital Hall, Furman University\",\"description\":\"\",\"url\":\"\",\"address\":{\"@type\":\"PostalAddress\",\"streetAddress\":\"3300 Poinsett Highway\",\"addressLocality\":\"Greenville\",\"addressRegion\":\"SC\",\"postalCode\":\"29613\",\"addressCountry\":\"United States\"},\"telephone\":\"864.294.2000\",\"sameAs\":\"www.furman.edu\/academics\/music\/\"},\"organizer\":{\"@type\":\"Person\",\"name\":\"Furman University\",\"description\":\"\",\"url\":\"\",\"telephone\":\"\",\"email\":\"\",\"sameAs\":\"\"},\"performer\":\"Organization\"},{\"@context\":\"http:\/\/schema.org\",\"@type\":\"Event\",\"name\":\"Guest Artist Recital\",\"description\":\"\",\"url\":\"https:\/\/evapolgar.com\/hu\/event\/guest-artist-recital-6\/\",\"eventAttendanceMode\":\"https:\/\/schema.org\/OfflineEventAttendanceMode\",\"eventStatus\":\"https:\/\/schema.org\/EventScheduled\",\"startDate\":\"2021-11-01T20:00:00-04:00\",\"endDate\":\"2021-11-01T21:30:00-04:00\",\"location\":{\"@type\":\"Place\",\"name\":\"Daniel Recital Hall, Furman University\",\"description\":\"\",\"url\":\"\",\"address\":{\"@type\":\"PostalAddress\",\"streetAddress\":\"3300 Poinsett Highway\",\"addressLocality\":\"Greenville\",\"addressRegion\":\"SC\",\"postalCode\":\"29613\",\"addressCountry\":\"United States\"},\"telephone\":\"864.294.2000\",\"sameAs\":\"www.furman.edu\/academics\/music\/\"},\"organizer\":{\"@type\":\"Person\",\"name\":\"Furman University\",\"description\":\"\",\"url\":\"\",\"telephone\":\"\",\"email\":\"\",\"sameAs\":\"\"},\"performer\":\"Organization\"},{\"@context\":\"http:\/\/schema.org\",\"@type\":\"Event\",\"name\":\"American Liszt Society Festival\",\"description\":\"&lt;p&gt;Saturday, October 15 at 11:45 am Solo piano transcriptions by Liszt Franz Liszt: Revive Sz\\u00e9gedine! Marche hongrois de Szabadi, S. 260 Monday, October 18 at 4 pm Contemporary Piano Music [&hellip;]&lt;\/p&gt;\\\\n\",\"url\":\"https:\/\/evapolgar.com\/hu\/event\/american-liszt-society-festival-2\/\",\"eventAttendanceMode\":\"https:\/\/schema.org\/OfflineEventAttendanceMode\",\"eventStatus\":\"https:\/\/schema.org\/EventScheduled\",\"startDate\":\"2021-10-15T08:00:00-05:00\",\"endDate\":\"2021-10-18T17:00:00-05:00\",\"location\":{\"@type\":\"Place\",\"name\":\"School of Music, Theatre and Dance, University of Michigan\",\"description\":\"\",\"url\":\"\",\"address\":{\"@type\":\"PostalAddress\",\"streetAddress\":\"1100 Baits Drive\",\"addressLocality\":\"Ann Arbor\",\"addressRegion\":\"MI\",\"postalCode\":\"48109\",\"addressCountry\":\"United States\"},\"telephone\":\"(734) 764-0583\",\"sameAs\":\"smtd.umich.edu\"},\"organizer\":{\"@type\":\"Person\",\"name\":\"School of Music, Theatre and Dance, University of Michigan\",\"description\":\"\",\"url\":\"http:\/\/smtd.umich.edu\",\"telephone\":\"(734) 764-0583\",\"email\":\"\",\"sameAs\":\"http:\/\/smtd.umich.edu\"},\"performer\":\"Organization\"},{\"@context\":\"http:\/\/schema.org\",\"@type\":\"Event\",\"name\":\"Solo Recital: Liszt &#8211; Harmonies patriotiques et religieuses\",\"description\":\"&lt;p&gt;Program: Sursum corda. Erhebet eure Herzen, S163\/7 Hungarian Coronation Mass, Benedictus, S501\/1 Hungarian Coronation Mass, Offertorium, S501\/2 Les jeux d\\u2019eaux \\u00e0 la Villa d\\u2019Este, S163\/4 Hungarian Rhapsody No. 11, S244\/11 [&hellip;]&lt;\/p&gt;\\\\n\",\"url\":\"https:\/\/evapolgar.com\/hu\/event\/solo-recital-liszt-harmonies-patriotiques-et-religieuses\/\",\"eventAttendanceMode\":\"https:\/\/schema.org\/OfflineEventAttendanceMode\",\"eventStatus\":\"https:\/\/schema.org\/EventScheduled\",\"startDate\":\"2021-07-06T19:00:00+02:00\",\"endDate\":\"2021-07-06T20:00:00+02:00\",\"location\":{\"@type\":\"Place\",\"name\":\"Marble Hall of the Hungarian National Radio\",\"description\":\"\",\"url\":\"\",\"address\":{\"@type\":\"PostalAddress\",\"streetAddress\":\"Pollack Mih\\u00e1ly t\\u00e9r 8.\",\"addressLocality\":\"Budapest\",\"postalCode\":\"1088\",\"addressCountry\":\"Hungary\"},\"telephone\":\"\",\"sameAs\":\"\"},\"organizer\":{\"@type\":\"Person\",\"name\":\"Hungarian Radio\",\"description\":\"\",\"url\":\"http:\/\/www.radio.hu\",\"telephone\":\"\",\"email\":\"\",\"sameAs\":\"http:\/\/www.radio.hu\"},\"performer\":\"Organization\"},{\"@context\":\"http:\/\/schema.org\",\"@type\":\"Event\",\"name\":\"Solo Recital: Liszt &#8211; Harmonies patriotiques et religieuses\",\"description\":\"&lt;p&gt;Program: Sursum corda. Erhebet eure Herzen, S163\/7 Hungarian Coronation Mass, Benedictus, S501\/1 Hungarian Coronation Mass, Offertorium, S501\/2 Les jeux d\\u2019eaux \\u00e0 la Villa d\\u2019Este, S163\/4 Hungarian Rhapsody No. 11, S244\/11 [&hellip;]&lt;\/p&gt;\\\\n\",\"url\":\"https:\/\/evapolgar.com\/hu\/event\/solo-recital-liszt-harmonies-patriotiques-et-religieuses-2\/\",\"eventAttendanceMode\":\"https:\/\/schema.org\/OfflineEventAttendanceMode\",\"eventStatus\":\"https:\/\/schema.org\/EventScheduled\",\"startDate\":\"2021-07-04T18:00:00+02:00\",\"endDate\":\"2021-07-04T19:00:00+02:00\",\"location\":{\"@type\":\"Place\",\"name\":\"Lady of Snows Roman Catholic Church\",\"description\":\"\",\"url\":\"\",\"address\":{\"@type\":\"PostalAddress\",\"addressLocality\":\"Zebeg\\u00e9ny\",\"postalCode\":\"2627\",\"addressCountry\":\"Hungary\"},\"telephone\":\"\",\"sameAs\":\"\"},\"performer\":\"Organization\"},{\"@context\":\"http:\/\/schema.org\",\"@type\":\"Event\",\"name\":\"Liszt Benefit Gala\",\"description\":\"\",\"url\":\"https:\/\/evapolgar.com\/hu\/event\/liszt-benefit-gala-2\/\",\"eventAttendanceMode\":\"https:\/\/schema.org\/OfflineEventAttendanceMode\",\"eventStatus\":\"https:\/\/schema.org\/EventScheduled\",\"startDate\":\"2021-02-16T18:00:00+01:00\",\"endDate\":\"2021-02-16T19:30:00+01:00\",\"location\":{\"@type\":\"Place\",\"name\":\"Vigad\\u00f3 Concert Hall\",\"description\":\"\",\"url\":\"\",\"address\":{\"@type\":\"PostalAddress\",\"streetAddress\":\"Vigad\\u00f3 t\\u00e9r 2\",\"addressLocality\":\"Budapest\",\"addressRegion\":\"Pest\",\"postalCode\":\"1051\",\"addressCountry\":\"Hungary\"},\"telephone\":\"\",\"sameAs\":\"https:\/\/vigado.hu\"},\"organizer\":{\"@type\":\"Person\",\"name\":\"Los Angeles International Liszt Competition\",\"description\":\"\",\"url\":\"http:\/\/lalisztcompetition.com\",\"telephone\":\"+1 940 465 9069\",\"email\":\"&#101;&#118;a&#64;&#101;vap&#111;lgar.c&#111;&#109;\",\"sameAs\":\"http:\/\/lalisztcompetition.com\"},\"performer\":\"Organization\"},{\"@context\":\"http:\/\/schema.org\",\"@type\":\"Event\",\"name\":\"Piano Masterclass\",\"description\":\"\",\"url\":\"https:\/\/evapolgar.com\/hu\/event\/piano-masterclass\/\",\"eventAttendanceMode\":\"https:\/\/schema.org\/OfflineEventAttendanceMode\",\"eventStatus\":\"https:\/\/schema.org\/EventScheduled\",\"startDate\":\"2020-03-09T16:30:00-05:00\",\"endDate\":\"2020-03-09T17:30:00-05:00\",\"location\":{\"@type\":\"Place\",\"name\":\"Westbrook Recital Hall, Glenn Korff School of Music\",\"description\":\"\",\"url\":\"\",\"address\":{\"@type\":\"PostalAddress\",\"streetAddress\":\"113 Westbrook Music Building\",\"addressLocality\":\"Lincoln\",\"addressRegion\":\"NE\",\"postalCode\":\"68588\",\"addressCountry\":\"United States\"},\"telephone\":\"402-472-2503\",\"sameAs\":\"https:\/\/arts.unl.edu\/music\"},\"organizer\":{\"@type\":\"Person\",\"name\":\"Glenn Korff School of Music, University of Nebraska-Lincoln\",\"description\":\"\",\"url\":\"https:\/\/arts.unl.edu\/music\",\"telephone\":\"402-472-2503\",\"email\":\"mu&#115;i&#99;2&#64;u&#110;&#108;&#46;edu\",\"sameAs\":\"https:\/\/arts.unl.edu\/music\"},\"performer\":\"Organization\"},{\"@context\":\"http:\/\/schema.org\",\"@type\":\"Event\",\"name\":\"Guest Artist Recital\",\"description\":\"\",\"url\":\"https:\/\/evapolgar.com\/hu\/event\/guest-artist-recital-2\/\",\"eventAttendanceMode\":\"https:\/\/schema.org\/OfflineEventAttendanceMode\",\"eventStatus\":\"https:\/\/schema.org\/EventScheduled\",\"startDate\":\"2020-03-08T15:00:00-05:00\",\"endDate\":\"2020-03-08T16:00:00-05:00\",\"location\":{\"@type\":\"Place\",\"name\":\"Kimball Recital Hall, Glenn Korff School of Music\",\"description\":\"\",\"url\":\"\",\"address\":{\"@type\":\"PostalAddress\",\"streetAddress\":\"1113 R Street\",\"addressLocality\":\"Lincoln\",\"addressRegion\":\"NE\",\"postalCode\":\"68588\",\"addressCountry\":\"United States\"},\"telephone\":\"(402) 472-7211\",\"sameAs\":\"https:\/\/arts.unl.edu\/hlfpa\/buildings\/kimball-recital-hall\"},\"organizer\":{\"@type\":\"Person\",\"name\":\"Glenn Korff School of Music, University of Nebraska-Lincoln\",\"description\":\"\",\"url\":\"https:\/\/arts.unl.edu\/music\",\"telephone\":\"402-472-2503\",\"email\":\"musi&#99;&#50;&#64;u&#110;&#108;&#46;&#101;d&#117;\",\"sameAs\":\"https:\/\/arts.unl.edu\/music\"},\"performer\":\"Organization\"},{\"@context\":\"http:\/\/schema.org\",\"@type\":\"Event\",\"name\":\"Valley Symphony Orchestra Educational Concerts\",\"description\":\"\",\"url\":\"https:\/\/evapolgar.com\/hu\/event\/valley-symphony-orchestra-educational-concerts\/\",\"eventAttendanceMode\":\"https:\/\/schema.org\/OfflineEventAttendanceMode\",\"eventStatus\":\"https:\/\/schema.org\/EventScheduled\",\"startDate\":\"2020-01-31T20:00:00+02:00\",\"endDate\":\"2020-01-31T22:00:00+02:00\",\"location\":{\"@type\":\"Place\",\"name\":\"McAllen Performing Arts Center\",\"description\":\"\",\"url\":\"\",\"address\":{\"@type\":\"PostalAddress\",\"streetAddress\":\"801 Convention Center Boulevard\",\"addressLocality\":\"McAllen\",\"addressRegion\":\"TX\",\"postalCode\":\"78501\",\"addressCountry\":\"United States\"},\"telephone\":\"\",\"sameAs\":\"http:\/\/www.mcallenconventioncenter.net\/mcallen-performing-arts\/about-us\/\"},\"organizer\":{\"@type\":\"Person\",\"name\":\"Valley Symphony Orchestra\",\"description\":\"\",\"url\":\"http:\/\/www.valleyorchestra.org\",\"telephone\":\"9566611615\",\"email\":\"\",\"sameAs\":\"http:\/\/www.valleyorchestra.org\"},\"performer\":\"Organization\"},{\"@context\":\"http:\/\/schema.org\",\"@type\":\"Event\",\"name\":\"Valley Symphony Orchestra Educational Concert\",\"description\":\"\",\"url\":\"https:\/\/evapolgar.com\/hu\/event\/valley-symphony-orchestra-educational-concert\/\",\"eventAttendanceMode\":\"https:\/\/schema.org\/OfflineEventAttendanceMode\",\"eventStatus\":\"https:\/\/schema.org\/EventScheduled\",\"startDate\":\"2020-01-24T20:00:00+02:00\",\"endDate\":\"2020-01-24T22:00:00+02:00\",\"location\":{\"@type\":\"Place\",\"name\":\"McAllen Performing Arts Center\",\"description\":\"\",\"url\":\"\",\"address\":{\"@type\":\"PostalAddress\",\"streetAddress\":\"801 Convention Center Boulevard\",\"addressLocality\":\"McAllen\",\"addressRegion\":\"TX\",\"postalCode\":\"78501\",\"addressCountry\":\"United States\"},\"telephone\":\"\",\"sameAs\":\"http:\/\/www.mcallenconventioncenter.net\/mcallen-performing-arts\/about-us\/\"},\"organizer\":{\"@type\":\"Person\",\"name\":\"Valley Symphony Orchestra\",\"description\":\"\",\"url\":\"http:\/\/www.valleyorchestra.org\",\"telephone\":\"9566611615\",\"email\":\"\",\"sameAs\":\"http:\/\/www.valleyorchestra.org\"},\"performer\":\"Organization\"},{\"@context\":\"http:\/\/schema.org\",\"@type\":\"Event\",\"name\":\"Saturday Matin\\u00e9e Concert\",\"description\":\"\",\"url\":\"https:\/\/evapolgar.com\/hu\/event\/saturday-matin%c3%a9e-concert\/\",\"eventAttendanceMode\":\"https:\/\/schema.org\/OfflineEventAttendanceMode\",\"eventStatus\":\"https:\/\/schema.org\/EventScheduled\",\"startDate\":\"2019-12-14T11:00:00+02:00\",\"endDate\":\"2019-12-14T12:00:00+02:00\",\"location\":{\"@type\":\"Place\",\"name\":\"Franz Liszt Memorial Museum and Research Center\",\"description\":\"\",\"url\":\"\",\"address\":{\"@type\":\"PostalAddress\",\"streetAddress\":\"V\\u00f6r\\u00f6smarty u. 35.\",\"addressLocality\":\"Budapest\",\"postalCode\":\"1064\",\"addressCountry\":\"Hungary\"},\"telephone\":\"\",\"sameAs\":\"http:\/\/www.lisztmuseum.hu\"},\"organizer\":{\"@type\":\"Person\",\"name\":\"Franz Liszt Memorial Museum and Research Center\",\"description\":\"\",\"url\":\"\",\"telephone\":\"\",\"email\":\"\",\"sameAs\":\"\"},\"performer\":\"Organization\"},{\"@context\":\"http:\/\/schema.org\",\"@type\":\"Event\",\"name\":\"Guest Artist Recital at East China Normal University\",\"description\":\"\",\"url\":\"https:\/\/evapolgar.com\/hu\/event\/guest-artist-recital-at-east-china-normal-university\/\",\"eventAttendanceMode\":\"https:\/\/schema.org\/OfflineEventAttendanceMode\",\"eventStatus\":\"https:\/\/schema.org\/EventScheduled\",\"startDate\":\"2019-12-02T19:00:00+08:00\",\"endDate\":\"2019-12-02T20:00:00+08:00\",\"location\":{\"@type\":\"Place\",\"name\":\"School of Music, East China Normal University\",\"description\":\"\",\"url\":\"\",\"address\":{\"@type\":\"PostalAddress\",\"streetAddress\":\"3663 North Zhongshan Road, Putuo District\",\"addressLocality\":\"Shanghai\",\"postalCode\":\"200062\",\"addressCountry\":\"China\"},\"telephone\":\"+86 21 6223 3333\",\"sameAs\":\"http:\/\/music.ecnu.edu.cn\"},\"organizer\":{\"@type\":\"Person\",\"name\":\"School of Music, East China Normal University\",\"description\":\"\",\"url\":\"http:\/\/music.ecnu.edu.cn\",\"telephone\":\"+86 21 6223 3333\",\"email\":\"\",\"sameAs\":\"http:\/\/music.ecnu.edu.cn\"},\"performer\":\"Organization\"},{\"@context\":\"http:\/\/schema.org\",\"@type\":\"Event\",\"name\":\"Piano Masterclass\",\"description\":\"\",\"url\":\"https:\/\/evapolgar.com\/hu\/event\/guest-piano-masterclass\/\",\"eventAttendanceMode\":\"https:\/\/schema.org\/OfflineEventAttendanceMode\",\"eventStatus\":\"https:\/\/schema.org\/EventScheduled\",\"startDate\":\"2019-12-02T10:00:00+08:00\",\"endDate\":\"2019-12-02T12:00:00+08:00\",\"location\":{\"@type\":\"Place\",\"name\":\"School of Music, East China Normal University\",\"description\":\"\",\"url\":\"\",\"address\":{\"@type\":\"PostalAddress\",\"streetAddress\":\"3663 North Zhongshan Road, Putuo District\",\"addressLocality\":\"Shanghai\",\"postalCode\":\"200062\",\"addressCountry\":\"China\"},\"telephone\":\"+86 21 6223 3333\",\"sameAs\":\"http:\/\/music.ecnu.edu.cn\"},\"organizer\":{\"@type\":\"Person\",\"name\":\"School of Music, East China Normal University\",\"description\":\"\",\"url\":\"http:\/\/music.ecnu.edu.cn\",\"telephone\":\"+86 21 6223 3333\",\"email\":\"\",\"sameAs\":\"http:\/\/music.ecnu.edu.cn\"},\"performer\":\"Organization\"},{\"@context\":\"http:\/\/schema.org\",\"@type\":\"Event\",\"name\":\"Guest Artist Recital\",\"description\":\"\",\"url\":\"https:\/\/evapolgar.com\/hu\/event\/guest-artist-recital-12\/\",\"eventAttendanceMode\":\"https:\/\/schema.org\/OfflineEventAttendanceMode\",\"eventStatus\":\"https:\/\/schema.org\/EventScheduled\",\"startDate\":\"2019-11-28T19:00:00+08:00\",\"endDate\":\"2019-11-28T20:30:00+08:00\",\"location\":{\"@type\":\"Place\",\"name\":\"University of Shanghai for Science and Technology\",\"description\":\"\",\"url\":\"\",\"address\":{\"@type\":\"PostalAddress\",\"streetAddress\":\"516 Jungong Road, Yangpu District\",\"addressLocality\":\"Shanghai\",\"postalCode\":\"200093\",\"addressCountry\":\"China\"},\"telephone\":\"+86 21 5527 7040\",\"sameAs\":\"https:\/\/en.usst.edu.cn\"},\"organizer\":{\"@type\":\"Person\",\"name\":\"American Culture Center at USST\",\"description\":\"\",\"url\":\"https:\/\/en.usst.edu.cn\/About_USST2\/International_Cultural_Park.htm\",\"telephone\":\"\",\"email\":\"\",\"sameAs\":\"https:\/\/en.usst.edu.cn\/About_USST2\/International_Cultural_Park.htm\"},\"performer\":\"Organization\"},{\"@context\":\"http:\/\/schema.org\",\"@type\":\"Event\",\"name\":\"Chamber Music Concert\",\"description\":\"&lt;p&gt;&nbsp; Works by Schumann, Brahms, Khachaturian, Bart\\u00f3k.&lt;\/p&gt;\\\\n\",\"url\":\"https:\/\/evapolgar.com\/hu\/event\/chamber-music-concert-at-carnegie-hall\/\",\"eventAttendanceMode\":\"https:\/\/schema.org\/OfflineEventAttendanceMode\",\"eventStatus\":\"https:\/\/schema.org\/EventScheduled\",\"startDate\":\"2019-11-24T15:00:00-05:00\",\"endDate\":\"2019-11-24T16:00:00-05:00\",\"location\":{\"@type\":\"Place\",\"name\":\"Judy and Arthur Zankel Hall, Carnegie Hall\",\"description\":\"\",\"url\":\"\",\"address\":{\"@type\":\"PostalAddress\",\"streetAddress\":\"881 7th Avenue\",\"addressLocality\":\"New York\",\"addressRegion\":\"NY\",\"postalCode\":\"10019\",\"addressCountry\":\"United States\"},\"telephone\":\"(212) 247-7800\",\"sameAs\":\"https:\/\/www.carnegiehall.org\/About\/Building-Overview\/Zankel-Hall\"},\"organizer\":{\"@type\":\"Person\",\"name\":\"AGP Agency\",\"description\":\"\",\"url\":\"http:\/\/AGPAgency.com\",\"telephone\":\"917-535-5505\",\"email\":\"P&#114;od&#117;cti&#111;ns&#64;A&#71;PA&#103;ency&#46;c&#111;m\",\"sameAs\":\"http:\/\/AGPAgency.com\"},\"performer\":\"Organization\"},{\"@context\":\"http:\/\/schema.org\",\"@type\":\"Event\",\"name\":\"2019 American Liszt Society Festival\",\"description\":\"&lt;p&gt;&quot;War of the Romantics: Liszt and his Rivals&quot; Session 5: An Evening with Friends: Brahms and Schumann Johannes Brahms: Three Intermezzi, Op. 117 \\u00a0- \\u00c9va Polg\\u00e1r Robert Schumann:\\u00a0Kresileriana, Op. 16 [&hellip;]&lt;\/p&gt;\\\\n\",\"url\":\"https:\/\/evapolgar.com\/hu\/event\/guest-artist-recital-10\/\",\"eventAttendanceMode\":\"https:\/\/schema.org\/OfflineEventAttendanceMode\",\"eventStatus\":\"https:\/\/schema.org\/EventScheduled\",\"startDate\":\"2019-10-25T19:30:00-07:00\",\"endDate\":\"2019-10-25T21:00:00-07:00\",\"location\":{\"@type\":\"Place\",\"name\":\"Katzin Concert Hall, Herberger Institute for Design and the Arts\",\"description\":\"\",\"url\":\"\",\"address\":{\"@type\":\"PostalAddress\",\"streetAddress\":\"50 East Gammage Parkway\",\"addressLocality\":\"Tempe\",\"addressRegion\":\"AZ\",\"postalCode\":\"85287\",\"addressCountry\":\"United States\"},\"telephone\":\"\",\"sameAs\":\"music.asu.edu\"},\"organizer\":{\"@type\":\"Person\",\"name\":\"Arizona State University, School of Music\",\"description\":\"\",\"url\":\"https:\/\/music.asu.edu\",\"telephone\":\"480-965-3371\",\"email\":\"&#109;&#117;si&#99;&#64;&#97;&#115;&#117;.&#101;du\",\"sameAs\":\"https:\/\/music.asu.edu\"},\"performer\":\"Organization\"},{\"@context\":\"http:\/\/schema.org\",\"@type\":\"Event\",\"name\":\"2019 Liszt Mini-Fest @ Beall Hall: Concerto performance\",\"description\":\"&lt;p&gt;University of Oregon Symphony David Jacobs - conductor \\u00c9va Polg\\u00e1r - piano Mendelssohn, Liszt, and Stravinsky&lt;\/p&gt;\\\\n\",\"url\":\"https:\/\/evapolgar.com\/hu\/event\/2019-liszt-mini-fest-beall-hall-concerto-performance\/\",\"eventAttendanceMode\":\"https:\/\/schema.org\/OfflineEventAttendanceMode\",\"eventStatus\":\"https:\/\/schema.org\/EventScheduled\",\"startDate\":\"2019-10-22T19:30:00-07:00\",\"endDate\":\"2019-10-22T19:30:00-07:00\",\"location\":{\"@type\":\"Place\",\"name\":\"University of Oregon, Beall Concert Hall\",\"description\":\"\",\"url\":\"\",\"address\":{\"@type\":\"PostalAddress\",\"streetAddress\":\"961 E 18th Ave\",\"addressLocality\":\"Eugene\",\"addressRegion\":\"OR\",\"postalCode\":\"97403\",\"addressCountry\":\"United States\"},\"telephone\":\"\",\"sameAs\":\"https:\/\/music.uoregon.edu\"},\"organizer\":{\"@type\":\"Person\",\"name\":\"Oregon Chapter of the American Liszt Society\",\"description\":\"\",\"url\":\"https:\/\/liszt.uoregon.edu\",\"telephone\":\"\",\"email\":\"\",\"sameAs\":\"https:\/\/liszt.uoregon.edu\"},\"offers\":{\"@type\":\"Offer\",\"price\":\"7\",\"priceCurrency\":\"USD\",\"url\":\"https:\/\/evapolgar.com\/hu\/event\/2019-liszt-mini-fest-beall-hall-concerto-performance\/\",\"category\":\"primary\",\"availability\":\"inStock\",\"validFrom\":\"1970-01-01T00:00:00+00:00\"},\"performer\":\"Organization\"},{\"@context\":\"http:\/\/schema.org\",\"@type\":\"Event\",\"name\":\"2019 Liszt Mini-Fest @ Beall Hall: Lecture and Masterclass\",\"description\":\"&lt;p&gt;Lecture: Liszt the Visionary: A Historic and artistic view on his piano works from 1861-1886 Masterclass with works discussed in the lecture: Nuages Gris (Alysia Knapp) Lugubre Gondola No. 1\\u00a0(Jane [&hellip;]&lt;\/p&gt;\\\\n\",\"url\":\"https:\/\/evapolgar.com\/hu\/event\/guest-artist-recital-3\/\",\"eventAttendanceMode\":\"https:\/\/schema.org\/OfflineEventAttendanceMode\",\"eventStatus\":\"https:\/\/schema.org\/EventScheduled\",\"startDate\":\"2019-10-19T16:00:00+02:00\",\"endDate\":\"2019-10-19T19:00:00+02:00\",\"location\":{\"@type\":\"Place\",\"name\":\"University of Oregon, Beall Concert Hall\",\"description\":\"\",\"url\":\"\",\"address\":{\"@type\":\"PostalAddress\",\"streetAddress\":\"961 E 18th Ave\",\"addressLocality\":\"Eugene\",\"addressRegion\":\"OR\",\"postalCode\":\"97403\",\"addressCountry\":\"United States\"},\"telephone\":\"\",\"sameAs\":\"https:\/\/music.uoregon.edu\"},\"organizer\":{\"@type\":\"Person\",\"name\":\"American Liszt Society\",\"description\":\"\",\"url\":\"http:\/\/www.americanlisztsociety.net\",\"telephone\":\"\",\"email\":\"\",\"sameAs\":\"http:\/\/www.americanlisztsociety.net\"},\"performer\":\"Organization\"},{\"@context\":\"http:\/\/schema.org\",\"@type\":\"Event\",\"name\":\"Eugene Alcalay Scholarship Fundraising Concert\",\"description\":\"&lt;p&gt;Judy Tran - voice and piano \\u00c9va Polg\\u00e1r - piano&lt;\/p&gt;\\\\n\",\"url\":\"https:\/\/evapolgar.com\/hu\/event\/eugene-alcalay-scholarship-fundraising-concert\/\",\"eventAttendanceMode\":\"https:\/\/schema.org\/OfflineEventAttendanceMode\",\"eventStatus\":\"https:\/\/schema.org\/EventScheduled\",\"startDate\":\"2019-10-13T16:00:00-07:00\",\"endDate\":\"2019-10-13T17:00:00-07:00\",\"location\":{\"@type\":\"Place\",\"name\":\"Munson Chapel, Azusa Pacific University\",\"description\":\"\",\"url\":\"\",\"address\":{\"@type\":\"PostalAddress\",\"streetAddress\":\"901 East Alosta Avenue\",\"addressLocality\":\"Azusa\",\"addressRegion\":\"CA\",\"postalCode\":\"91702\",\"addressCountry\":\"United States\"},\"telephone\":\"(626) 815-3848\",\"sameAs\":\"https:\/\/www.apu.edu\/music\/about\/\"},\"organizer\":{\"@type\":\"Person\",\"name\":\"Azusa Pacific University, College of the Arts\",\"description\":\"\",\"url\":\"https:\/\/www.apu.edu\/music\/about\/\",\"telephone\":\"(626) 815-3848\",\"email\":\"&#115;c&#104;&#111;&#111;lof&#109;&#117;si&#99;&#64;ap&#117;.edu\",\"sameAs\":\"https:\/\/www.apu.edu\/music\/about\/\"},\"performer\":\"Organization\"},{\"@context\":\"http:\/\/schema.org\",\"@type\":\"Event\",\"name\":\"University of Tulsa Summer Academy for Pianists &#8211; Guest Artist Recital\",\"description\":\"\",\"url\":\"https:\/\/evapolgar.com\/hu\/event\/university-tulsa-summer-academy-pianists\/\",\"eventAttendanceMode\":\"https:\/\/schema.org\/OfflineEventAttendanceMode\",\"eventStatus\":\"https:\/\/schema.org\/EventScheduled\",\"startDate\":\"2019-06-04T19:30:00-05:00\",\"endDate\":\"2019-06-04T21:00:00-05:00\",\"location\":{\"@type\":\"Place\",\"name\":\"Lorton Performance Center, University of Tulsa\",\"description\":\"\",\"url\":\"\",\"address\":{\"@type\":\"PostalAddress\",\"streetAddress\":\"550 S Gary Pl\",\"addressLocality\":\"Tulsa\",\"addressRegion\":\"OK\",\"postalCode\":\"74104\",\"addressCountry\":\"United States\"},\"telephone\":\"(918) 631-5241\",\"sameAs\":\"https:\/\/artsandsciences.utulsa.edu\/centers-clinics-galleries-institutes\/lorton-performance-center\/\"},\"organizer\":{\"@type\":\"Person\",\"name\":\"University of Tulsa\",\"description\":\"\",\"url\":\"https:\/\/artsandsciences.utulsa.edu\/academics\/departments-schools\/music\/\",\"telephone\":\"\",\"email\":\"\",\"sameAs\":\"https:\/\/artsandsciences.utulsa.edu\/academics\/departments-schools\/music\/\"},\"performer\":\"Organization\"},{\"@context\":\"http:\/\/schema.org\",\"@type\":\"Event\",\"name\":\"Guest Artist Recital\",\"description\":\"\",\"url\":\"https:\/\/evapolgar.com\/hu\/event\/guest-artist-recital-7\/\",\"eventAttendanceMode\":\"https:\/\/schema.org\/OfflineEventAttendanceMode\",\"eventStatus\":\"https:\/\/schema.org\/EventScheduled\",\"startDate\":\"2019-05-05T19:30:00-07:00\",\"endDate\":\"2019-05-05T20:30:00-07:00\",\"location\":{\"@type\":\"Place\",\"name\":\"Cypress Recital Hall, Cal State University Northdridge\",\"description\":\"\",\"url\":\"\",\"address\":{\"@type\":\"PostalAddress\",\"streetAddress\":\"18111 Nordhoff Street\",\"addressLocality\":\"Northridge\",\"addressRegion\":\"CA\",\"postalCode\":\"91330-8314\",\"addressCountry\":\"United States\"},\"telephone\":\"\",\"sameAs\":\"https:\/\/www.csun.edu\/mike-curb-arts-media-communication\/music\"},\"organizer\":{\"@type\":\"Person\",\"name\":\"American Liszt Society\",\"description\":\"\",\"url\":\"http:\/\/www.americanlisztsociety.net\",\"telephone\":\"\",\"email\":\"\",\"sameAs\":\"http:\/\/www.americanlisztsociety.net\"},\"performer\":\"Organization\"},{\"@context\":\"http:\/\/schema.org\",\"@type\":\"Event\",\"name\":\"A Soprano&#8217;s Guide Into Franz Liszt&#8217;s Genius World\",\"description\":\"&lt;p&gt;A program of High Note Hungary festival. Kendall Harb - soprano \\u00c9va Polg\\u00e1r - piano &nbsp;&lt;\/p&gt;\\\\n\",\"url\":\"https:\/\/evapolgar.com\/hu\/event\/a-sopranos-guide-into-franz-liszts-genius-world\/\",\"eventAttendanceMode\":\"https:\/\/schema.org\/OfflineEventAttendanceMode\",\"eventStatus\":\"https:\/\/schema.org\/EventScheduled\",\"startDate\":\"2019-03-16T18:00:00-04:00\",\"endDate\":\"2019-03-16T19:00:00-04:00\",\"location\":{\"@type\":\"Place\",\"name\":\"Hungarian Cultural Center, New York\",\"description\":\"\",\"url\":\"\",\"address\":{\"@type\":\"PostalAddress\",\"streetAddress\":\"223 E 52nd Street\",\"addressLocality\":\"New York\",\"addressRegion\":\"NY\",\"postalCode\":\"10022\",\"addressCountry\":\"United States\"},\"telephone\":\"(212) 660-7946\",\"sameAs\":\"http:\/\/www.newyork.balassiintezet.hu\/en\/\"},\"organizer\":{\"@type\":\"Person\",\"name\":\"Hungarian Cultural Center, New York\",\"description\":\"\",\"url\":\"http:\/\/www.newyork.balassiintezet.hu\/en\/\",\"telephone\":\"(212) 660-7946\",\"email\":\"&#104;&#117;n&#103;&#97;&#114;&#105;&#97;&#110;&#104;&#111;&#117;&#115;en&#121;c&#64;g&#109;&#97;i&#108;&#46;&#99;om\",\"sameAs\":\"http:\/\/www.newyork.balassiintezet.hu\/en\/\"},\"performer\":\"Organization\"},{\"@context\":\"http:\/\/schema.org\",\"@type\":\"Event\",\"name\":\"Guest\/Faculty Recital\",\"description\":\"&lt;p&gt;\\u00c9va Polg\\u00e1r - piano Lisa Bost-Sandberg - flute &nbsp;&lt;\/p&gt;\\\\n\",\"url\":\"https:\/\/evapolgar.com\/hu\/event\/guest-artist-recital-university-north-dakota\/\",\"eventAttendanceMode\":\"https:\/\/schema.org\/OfflineEventAttendanceMode\",\"eventStatus\":\"https:\/\/schema.org\/EventScheduled\",\"startDate\":\"2019-03-02T16:00:00-05:00\",\"endDate\":\"2019-03-02T18:00:00-05:00\",\"location\":{\"@type\":\"Place\",\"name\":\"Josephine Campbell Recital Hall, University of North Dakota\",\"description\":\"\",\"url\":\"\",\"address\":{\"@type\":\"PostalAddress\",\"streetAddress\":\"3350 Campus Road\",\"addressLocality\":\"Grand Forks\",\"addressRegion\":\"ND\",\"postalCode\":\"58203\",\"addressCountry\":\"United States\"},\"telephone\":\"\",\"sameAs\":\"\"},\"organizer\":{\"@type\":\"Person\",\"name\":\"UND Music Department\",\"description\":\"\",\"url\":\"https:\/\/arts-sciences.und.edu\/academics\/music\/index.html\",\"telephone\":\"701.777.2644\",\"email\":\"&#85;&#78;D.&#109;&#117;si&#99;&#64;&#85;&#78;D.edu\",\"sameAs\":\"https:\/\/arts-sciences.und.edu\/academics\/music\/index.html\"},\"performer\":\"Organization\"},{\"@context\":\"http:\/\/schema.org\",\"@type\":\"Event\",\"name\":\"Piano Masterclass\",\"description\":\"\",\"url\":\"https:\/\/evapolgar.com\/hu\/event\/guest-piano-master-class\/\",\"eventAttendanceMode\":\"https:\/\/schema.org\/OfflineEventAttendanceMode\",\"eventStatus\":\"https:\/\/schema.org\/EventScheduled\",\"startDate\":\"2019-03-02T10:00:00-05:00\",\"endDate\":\"2019-03-02T12:00:00-05:00\",\"location\":{\"@type\":\"Place\",\"name\":\"Josephine Campbell Recital Hall, University of North Dakota\",\"description\":\"\",\"url\":\"\",\"address\":{\"@type\":\"PostalAddress\",\"streetAddress\":\"3350 Campus Road\",\"addressLocality\":\"Grand Forks\",\"addressRegion\":\"ND\",\"postalCode\":\"58203\",\"addressCountry\":\"United States\"},\"telephone\":\"\",\"sameAs\":\"\"},\"organizer\":{\"@type\":\"Person\",\"name\":\"UND Music Department\",\"description\":\"\",\"url\":\"https:\/\/arts-sciences.und.edu\/academics\/music\/index.html\",\"telephone\":\"701.777.2644\",\"email\":\"UN&#68;&#46;&#109;&#117;&#115;&#105;c&#64;U&#78;D.edu\",\"sameAs\":\"https:\/\/arts-sciences.und.edu\/academics\/music\/index.html\"},\"performer\":\"Organization\"},{\"@context\":\"http:\/\/schema.org\",\"@type\":\"Event\",\"name\":\"Collaborative Guest Artist Recital\",\"description\":\"&lt;p&gt;\\u00c9va Polg\\u00e1r - piano Lisa Bost-Sandberg - flute &nbsp; Featuring works by Kod\\u00e1ly, Lang, Liszt, Horv\\u00e1th, Bart\\u00f3k, and Srinivasan&lt;\/p&gt;\\\\n\",\"url\":\"https:\/\/evapolgar.com\/hu\/event\/guest-artist-recital-8\/\",\"eventAttendanceMode\":\"https:\/\/schema.org\/OfflineEventAttendanceMode\",\"eventStatus\":\"https:\/\/schema.org\/EventScheduled\",\"startDate\":\"2019-02-28T19:30:00-05:00\",\"endDate\":\"2019-02-28T20:30:00-05:00\",\"location\":{\"@type\":\"Place\",\"name\":\"Christiansen Recital Hall, Hvidsten Hall of Music, Concordia College\",\"description\":\"\",\"url\":\"\",\"address\":{\"@type\":\"PostalAddress\",\"streetAddress\":\"901 8th St. S.\",\"addressLocality\":\"Moorhead\",\"addressRegion\":\"MN\",\"postalCode\":\"56562\",\"addressCountry\":\"United States\"},\"telephone\":\"\",\"sameAs\":\"https:\/\/www.concordiacollege.edu\/academics\/departments-programs\/music\/\"},\"organizer\":{\"@type\":\"Person\",\"name\":\"American Liszt Society\",\"description\":\"\",\"url\":\"http:\/\/www.americanlisztsociety.net\",\"telephone\":\"\",\"email\":\"\",\"sameAs\":\"http:\/\/www.americanlisztsociety.net\"},\"performer\":\"Organization\"},{\"@context\":\"http:\/\/schema.org\",\"@type\":\"Event\",\"name\":\"Music of Albert Roussel (1869-1937)\",\"description\":\"\",\"url\":\"https:\/\/evapolgar.com\/hu\/event\/music-of-albert-roussel-1869-1937\/\",\"eventAttendanceMode\":\"https:\/\/schema.org\/OfflineEventAttendanceMode\",\"eventStatus\":\"https:\/\/schema.org\/EventScheduled\",\"startDate\":\"2019-02-24T15:00:00-05:00\",\"endDate\":\"2019-02-24T16:30:00-05:00\",\"location\":{\"@type\":\"Place\",\"name\":\"Voertman Hall, UNT College of Music\",\"description\":\"\",\"url\":\"\",\"address\":{\"@type\":\"PostalAddress\",\"streetAddress\":\"415 Avenue C\",\"addressLocality\":\"Denton\",\"addressRegion\":\"TX\",\"postalCode\":\"76201\",\"addressCountry\":\"United States\"},\"telephone\":\"940-565-2791\",\"sameAs\":\"https:\/\/music.unt.edu\"},\"performer\":\"Organization\"},{\"@context\":\"http:\/\/schema.org\",\"@type\":\"Event\",\"name\":\"Reuben Allred Collaborative Piano Scholarship Concert\",\"description\":\"\",\"url\":\"https:\/\/evapolgar.com\/hu\/event\/reuben-allred-collaborative-piano-scholarship-concert\/\",\"eventAttendanceMode\":\"https:\/\/schema.org\/OfflineEventAttendanceMode\",\"eventStatus\":\"https:\/\/schema.org\/EventScheduled\",\"startDate\":\"2019-02-10T17:00:00-05:00\",\"endDate\":\"2019-02-10T18:00:00-05:00\",\"location\":{\"@type\":\"Place\",\"name\":\"Recital Hall, UNT College of Music\",\"description\":\"\",\"url\":\"\",\"address\":{\"@type\":\"PostalAddress\",\"streetAddress\":\"415 Avenue C\",\"addressLocality\":\"Denton\",\"addressRegion\":\"TX\",\"postalCode\":\"76201\",\"addressCountry\":\"United States\"},\"telephone\":\"940-565-2791\",\"sameAs\":\"https:\/\/music.unt.edu\"},\"organizer\":{\"@type\":\"Person\",\"name\":\"University of North Texas\",\"description\":\"\",\"url\":\"https:\/\/thempac.music.unt.edu\",\"telephone\":\"940-369-7802\",\"email\":\"mpa&#99;.boxo&#102;&#102;ice&#64;&#117;&#110;&#116;&#46;e&#100;u\",\"sameAs\":\"https:\/\/thempac.music.unt.edu\"},\"performer\":\"Organization\"},{\"@context\":\"http:\/\/schema.org\",\"@type\":\"Event\",\"name\":\"Guest Artist Recital\",\"description\":\"\",\"url\":\"https:\/\/evapolgar.com\/hu\/event\/guest-artist-recital-4\/\",\"eventAttendanceMode\":\"https:\/\/schema.org\/OfflineEventAttendanceMode\",\"eventStatus\":\"https:\/\/schema.org\/EventScheduled\",\"startDate\":\"2019-02-01T20:00:00-05:00\",\"endDate\":\"2019-02-01T21:00:00-05:00\",\"location\":{\"@type\":\"Place\",\"name\":\"The John J. Cali School of Music, Montclair State University\",\"description\":\"\",\"url\":\"\",\"address\":{\"@type\":\"PostalAddress\",\"streetAddress\":\"1. Normal Avenue\",\"addressLocality\":\"Montclair\",\"addressRegion\":\"NJ\",\"postalCode\":\"07043\",\"addressCountry\":\"United States\"},\"telephone\":\"973-655-4000\",\"sameAs\":\"https:\/\/www.montclair.edu\/john-j-cali-school-of-music\/\"},\"organizer\":{\"@type\":\"Person\",\"name\":\"NY\/NJ Chapter of the American Liszt Society\",\"description\":\"\",\"url\":\"http:\/\/gilagoldstein.com\/liszt\/\",\"telephone\":\"\",\"email\":\"\",\"sameAs\":\"http:\/\/gilagoldstein.com\/liszt\/\"},\"performer\":\"Organization\"},{\"@context\":\"http:\/\/schema.org\",\"@type\":\"Event\",\"name\":\"Piano Recital\",\"description\":\"\",\"url\":\"https:\/\/evapolgar.com\/hu\/event\/guest-artist-recital\/\",\"eventAttendanceMode\":\"https:\/\/schema.org\/OfflineEventAttendanceMode\",\"eventStatus\":\"https:\/\/schema.org\/EventScheduled\",\"startDate\":\"2019-01-24T19:30:00-04:00\",\"endDate\":\"2019-01-24T20:30:00-04:00\",\"location\":{\"@type\":\"Place\",\"name\":\"Steinway Piano Gallery, Miami\",\"description\":\"\",\"url\":\"\",\"address\":{\"@type\":\"PostalAddress\",\"streetAddress\":\"4104 Ponce De Leon Blvd\",\"addressLocality\":\"Coral Gables\",\"addressRegion\":\"FL\",\"postalCode\":\"33146\",\"addressCountry\":\"United States\"},\"telephone\":\"\",\"sameAs\":\"https:\/\/www.steinwaymiami.com\"},\"organizer\":{\"@type\":\"Person\",\"name\":\"American Liszt Society\",\"description\":\"\",\"url\":\"http:\/\/www.americanlisztsociety.net\",\"telephone\":\"\",\"email\":\"\",\"sameAs\":\"http:\/\/www.americanlisztsociety.net\"},\"performer\":\"Organization\"},{\"@context\":\"http:\/\/schema.org\",\"@type\":\"Event\",\"name\":\"Sounds Modern: Broken Dolls\",\"description\":\"&lt;p&gt;Music to celebrate the art of Laurie Simmons&lt;\/p&gt;\\\\n\",\"url\":\"https:\/\/evapolgar.com\/hu\/event\/sounds-modern-broken-dolls\/\",\"eventAttendanceMode\":\"https:\/\/schema.org\/OfflineEventAttendanceMode\",\"eventStatus\":\"https:\/\/schema.org\/EventScheduled\",\"startDate\":\"2019-01-19T08:00:00-05:00\",\"endDate\":\"2019-01-19T17:00:00-05:00\",\"location\":{\"@type\":\"Place\",\"name\":\"Modern Art Museum of Fort Worth\",\"description\":\"\",\"url\":\"\",\"address\":{\"@type\":\"PostalAddress\",\"streetAddress\":\"3200 Darnell Street\",\"addressLocality\":\"Fort Worth\",\"addressRegion\":\"TX\",\"postalCode\":\"76107\",\"addressCountry\":\"United States\"},\"telephone\":\"817.738.9215\",\"sameAs\":\"http:\/\/www.themodern.org\"},\"organizer\":{\"@type\":\"Person\",\"name\":\"Sounds Modern\",\"description\":\"\",\"url\":\"http:\/\/soundsmodern.org\",\"telephone\":\"940.565.3706\",\"email\":\"e&#108;&#105;z&#97;&#98;e&#116;h&#64;&#115;&#111;&#117;&#110;ds&#109;o&#100;&#101;&#114;n.o&#114;&#103;\",\"sameAs\":\"http:\/\/soundsmodern.org\"},\"performer\":\"Organization\"},{\"@context\":\"http:\/\/schema.org\",\"@type\":\"Event\",\"name\":\"Guest Artist Recital\",\"description\":\"\",\"url\":\"https:\/\/evapolgar.com\/hu\/event\/guest-artist-recital-9\/\",\"eventAttendanceMode\":\"https:\/\/schema.org\/OfflineEventAttendanceMode\",\"eventStatus\":\"https:\/\/schema.org\/EventScheduled\",\"startDate\":\"2018-11-15T20:00:00-08:00\",\"endDate\":\"2018-11-15T21:00:00-08:00\",\"location\":{\"@type\":\"Place\",\"name\":\"Loewe Performance Hall, University of Redlands School of Music\",\"description\":\"\",\"url\":\"\",\"address\":{\"@type\":\"PostalAddress\",\"streetAddress\":\"1200 East Colton Ave\",\"addressLocality\":\"Redlands\",\"addressRegion\":\"CA\",\"postalCode\":\"92373\",\"addressCountry\":\"United States\"},\"telephone\":\"\",\"sameAs\":\"http:\/\/www.redlands.edu\/study\/schools-and-centers\/school-of-music\/\"},\"organizer\":{\"@type\":\"Person\",\"name\":\"University of Redlands School of Music\",\"description\":\"\",\"url\":\"\",\"telephone\":\"\",\"email\":\"\",\"sameAs\":\"\"},\"performer\":\"Organization\"},{\"@context\":\"http:\/\/schema.org\",\"@type\":\"Event\",\"name\":\"Piano Masterclass\",\"description\":\"\",\"url\":\"https:\/\/evapolgar.com\/hu\/event\/piano-master-class-with-dr-eva-polgar\/\",\"eventAttendanceMode\":\"https:\/\/schema.org\/OfflineEventAttendanceMode\",\"eventStatus\":\"https:\/\/schema.org\/EventScheduled\",\"startDate\":\"2018-11-14T16:00:00-08:00\",\"endDate\":\"2018-11-14T18:00:00-08:00\",\"location\":{\"@type\":\"Place\",\"name\":\"Loewe Performance Hall, University of Redlands School of Music\",\"description\":\"\",\"url\":\"\",\"address\":{\"@type\":\"PostalAddress\",\"streetAddress\":\"1200 East Colton Ave\",\"addressLocality\":\"Redlands\",\"addressRegion\":\"CA\",\"postalCode\":\"92373\",\"addressCountry\":\"United States\"},\"telephone\":\"\",\"sameAs\":\"http:\/\/www.redlands.edu\/study\/schools-and-centers\/school-of-music\/\"},\"organizer\":{\"@type\":\"Person\",\"name\":\"University of Redlands School of Music\",\"description\":\"\",\"url\":\"\",\"telephone\":\"\",\"email\":\"\",\"sameAs\":\"\"},\"performer\":\"Organization\"},{\"@context\":\"http:\/\/schema.org\",\"@type\":\"Event\",\"name\":\"5. jubileumi j\\u00f3t\\u00e9konys\\u00e1gi koncert a II. ker\\u00fclet eg\\u00e9szs\\u00e9g\\u00e9\\u00e9rt\",\"description\":\"\",\"url\":\"https:\/\/evapolgar.com\/hu\/event\/5-jubileumi-j%c3%b3t%c3%a9konys%c3%a1gi-koncert-ii-ker%c3%bclet-eg%c3%a9szs%c3%a9g%c3%a9%c3%a9rt\/\",\"eventAttendanceMode\":\"https:\/\/schema.org\/OfflineEventAttendanceMode\",\"eventStatus\":\"https:\/\/schema.org\/EventScheduled\",\"startDate\":\"2018-10-26T18:00:00+02:00\",\"endDate\":\"2018-10-26T20:00:00+02:00\",\"location\":{\"@type\":\"Place\",\"name\":\"Marczib\\u00e1nyi T\\u00e9ri M\\u0171vel\\u0151d\\u00e9si K\\u00f6zpont\",\"description\":\"\",\"url\":\"\",\"address\":{\"@type\":\"PostalAddress\",\"streetAddress\":\"Marczib\\u00e1nyi t\\u00e9r 5\/A\",\"addressLocality\":\"Budapest\",\"postalCode\":\"1022\",\"addressCountry\":\"Hungary\"},\"telephone\":\"\",\"sameAs\":\"http:\/\/www.marczi.hu\"},\"organizer\":{\"@type\":\"Person\",\"name\":\"T\\u00f6r\\u00f6s Alap\\u00edtv\\u00e1ny 2011\",\"description\":\"\",\"url\":\"\",\"telephone\":\"\",\"email\":\"\",\"sameAs\":\"\"},\"performer\":\"Organization\"},{\"@context\":\"http:\/\/schema.org\",\"@type\":\"Event\",\"name\":\"American Liszt Society Festival\",\"description\":\"\",\"url\":\"https:\/\/evapolgar.com\/hu\/event\/american-liszt-society-festival\/\",\"eventAttendanceMode\":\"https:\/\/schema.org\/OfflineEventAttendanceMode\",\"eventStatus\":\"https:\/\/schema.org\/EventScheduled\",\"startDate\":\"2018-10-13T15:15:00+02:00\",\"endDate\":\"2018-10-13T16:15:00+02:00\",\"location\":{\"@type\":\"Place\",\"name\":\"Furman University\",\"description\":\"\",\"url\":\"\",\"address\":{\"@type\":\"PostalAddress\",\"streetAddress\":\"3300 Poinsett Hwy\",\"addressLocality\":\"Greenville\",\"addressRegion\":\"SC\",\"postalCode\":\"29613\",\"addressCountry\":\"United States\"},\"telephone\":\"864.294.2079\",\"sameAs\":\"www.furman.edu\"},\"organizer\":{\"@type\":\"Person\",\"name\":\"American Liszt Society\",\"description\":\"\",\"url\":\"http:\/\/www.americanlisztsociety.net\",\"telephone\":\"\",\"email\":\"\",\"sameAs\":\"http:\/\/www.americanlisztsociety.net\"},\"performer\":\"Organization\"},{\"@context\":\"http:\/\/schema.org\",\"@type\":\"Event\",\"name\":\"Sounds Modern\",\"description\":\"\",\"url\":\"https:\/\/evapolgar.com\/hu\/event\/faculty-recital-3\/\",\"eventAttendanceMode\":\"https:\/\/schema.org\/OfflineEventAttendanceMode\",\"eventStatus\":\"https:\/\/schema.org\/EventScheduled\",\"startDate\":\"2018-09-08T11:00:00+02:00\",\"endDate\":\"2018-09-08T12:00:00+02:00\",\"location\":{\"@type\":\"Place\",\"name\":\"Modern Art Museum of Fort Worth\",\"description\":\"\",\"url\":\"\",\"address\":{\"@type\":\"PostalAddress\",\"streetAddress\":\"3200 Darnell Street\",\"addressLocality\":\"Fort Worth\",\"addressRegion\":\"TX\",\"postalCode\":\"76107\",\"addressCountry\":\"United States\"},\"telephone\":\"\",\"sameAs\":\"https:\/\/www.themodern.org\"},\"organizer\":{\"@type\":\"Person\",\"name\":\"Sounds Modern\",\"description\":\"\",\"url\":\"http:\/\/sounds%20modern.org\",\"telephone\":\"\",\"email\":\"\",\"sameAs\":\"http:\/\/sounds%20modern.org\"},\"performer\":\"Organization\"},{\"@context\":\"http:\/\/schema.org\",\"@type\":\"Event\",\"name\":\"Visionaries: The Twentieth-century Flute\",\"description\":\"\",\"url\":\"https:\/\/evapolgar.com\/hu\/event\/visionaries-twentieth-century-flute\/\",\"eventAttendanceMode\":\"https:\/\/schema.org\/OfflineEventAttendanceMode\",\"eventStatus\":\"https:\/\/schema.org\/EventScheduled\",\"startDate\":\"2018-08-11T10:15:00+02:00\",\"endDate\":\"2018-08-11T11:45:00+02:00\",\"location\":{\"@type\":\"Place\",\"name\":\"Hyatt Regency Orlando\",\"description\":\"\",\"url\":\"\",\"address\":{\"@type\":\"PostalAddress\",\"addressLocality\":\"Orlando\",\"addressRegion\":\"FL\",\"addressCountry\":\"United States\"},\"telephone\":\"\",\"sameAs\":\"\"},\"organizer\":{\"@type\":\"Person\",\"name\":\"The National Flute Association\",\"description\":\"\",\"url\":\"http:\/\/nfaonline.org\",\"telephone\":\"3123326682\",\"email\":\"\",\"sameAs\":\"http:\/\/nfaonline.org\"},\"performer\":\"Organization\"},{\"@context\":\"http:\/\/schema.org\",\"@type\":\"Event\",\"name\":\"\\u00c9vfordul\\u00f3k 2018\/Bernstein 100\",\"description\":\"&lt;p&gt;M\\u00e1rta \\u00c1brah\\u00e1m - violin Bence Szepesi - clarinet \\u00c9va Polg\\u00e1r - piano &nbsp; Program: Bernstein - Touches (piano), Clarinet sonata Bart\\u00f3k - Contrasts Debussy - Sonata for violin and piano [&hellip;]&lt;\/p&gt;\\\\n\",\"url\":\"https:\/\/evapolgar.com\/hu\/event\/evfordulok-2018-bernstein-100\/\",\"eventAttendanceMode\":\"https:\/\/schema.org\/OfflineEventAttendanceMode\",\"eventStatus\":\"https:\/\/schema.org\/EventScheduled\",\"startDate\":\"2018-06-16T19:00:00+02:00\",\"endDate\":\"2018-06-16T20:00:00+02:00\",\"location\":{\"@type\":\"Place\",\"name\":\"Magyar R\\u00e1di\\u00f3, M\\u00e1rv\\u00e1nyterem\",\"description\":\"\",\"url\":\"\",\"address\":{\"@type\":\"PostalAddress\",\"streetAddress\":\"Pollack Mih\\u00e1ly t\\u00e9r 8.\",\"addressLocality\":\"Budapest\",\"addressRegion\":\"Pest\",\"postalCode\":\"1088\",\"addressCountry\":\"Hungary\"},\"telephone\":\"\",\"sameAs\":\"www.radio.hu\"},\"organizer\":{\"@type\":\"Person\",\"name\":\"MR3-Bart\\u00f3k R\\u00e1di\\u00f3\",\"description\":\"\",\"url\":\"\",\"telephone\":\"+36 1 328-8779\",\"email\":\"\",\"sameAs\":\"\"},\"performer\":\"Organization\"},{\"@context\":\"http:\/\/schema.org\",\"@type\":\"Event\",\"name\":\"VI. Akademisches Konzert\",\"description\":\"&lt;p&gt;VI. Akademisches Konzert Monday, May 28, 2018 at 8PM Gewandhaus zu Leipzig, Germany \\u00c9va Polg\\u00e1r - soloist Horst F\\u00f6rster - conductor Akademisches Orchester Leipzig Program: Alexander Borodin: In The Steppes [&hellip;]&lt;\/p&gt;\\\\n\",\"url\":\"https:\/\/evapolgar.com\/hu\/event\/gewandhaus-zu-leipzig-germany\/\",\"eventAttendanceMode\":\"https:\/\/schema.org\/OfflineEventAttendanceMode\",\"eventStatus\":\"https:\/\/schema.org\/EventScheduled\",\"startDate\":\"2018-05-28T20:00:00+02:00\",\"endDate\":\"2018-05-28T22:00:00+02:00\",\"location\":{\"@type\":\"Place\",\"name\":\"Gewandhaus Leipzig\",\"description\":\"\",\"url\":\"\",\"address\":{\"@type\":\"PostalAddress\",\"streetAddress\":\"Augustusplatz 8\",\"addressLocality\":\"Leipzig\",\"addressRegion\":\"Saxony\",\"postalCode\":\"04109\",\"addressCountry\":\"Germany\"},\"telephone\":\"\",\"sameAs\":\"\"},\"performer\":\"Organization\"},{\"@context\":\"http:\/\/schema.org\",\"@type\":\"Event\",\"name\":\"Liszt Benefit Gala\",\"description\":\"&lt;p&gt;Liszt Hangverseny 2018_05_18_A5m \\u00e9ret&lt;\/p&gt;\\\\n\",\"url\":\"https:\/\/evapolgar.com\/hu\/event\/liszt-benefit-gala\/\",\"eventAttendanceMode\":\"https:\/\/schema.org\/OfflineEventAttendanceMode\",\"eventStatus\":\"https:\/\/schema.org\/EventScheduled\",\"startDate\":\"2018-05-18T19:00:00+02:00\",\"endDate\":\"2018-05-18T21:00:00+02:00\",\"location\":{\"@type\":\"Place\",\"name\":\"Duna Palota\",\"description\":\"\",\"url\":\"\",\"address\":{\"@type\":\"PostalAddress\",\"streetAddress\":\"Zr\\u00ednyi utca 5.\",\"addressLocality\":\"Budapest\",\"addressRegion\":\"Pest\",\"postalCode\":\"1051\",\"addressCountry\":\"Hungary\"},\"telephone\":\"+36 1 235 5500\",\"sameAs\":\"http:\/\/dunapalota.hu\"},\"organizer\":{\"@type\":\"Person\",\"name\":\"Duna Szimfonikus Zenekar\",\"description\":\"\",\"url\":\"http:\/\/dunaszimfonikusok.hu\",\"telephone\":\"+36 1 355 8330\",\"email\":\"&#100;una&#46;&#115;z&#105;&#109;f&#64;&#100;&#117;&#110;ap&#97;&#108;&#111;t&#97;&#46;&#104;&#117;\",\"sameAs\":\"http:\/\/dunaszimfonikusok.hu\"},\"offers\":{\"@type\":\"Offer\",\"price\":\"3000\",\"priceCurrency\":\"USD\",\"url\":\"https:\/\/evapolgar.com\/hu\/event\/liszt-benefit-gala\/\",\"category\":\"primary\",\"availability\":\"inStock\",\"validFrom\":\"1970-01-01T00:00:00+00:00\"},\"performer\":\"Organization\"},{\"@context\":\"http:\/\/schema.org\",\"@type\":\"Event\",\"name\":\"Reuben Allred Collaborative Piano Scholarship Fund Concert\",\"description\":\"\",\"url\":\"https:\/\/evapolgar.com\/hu\/event\/piano-sundays-old-capitol\/\",\"eventAttendanceMode\":\"https:\/\/schema.org\/OfflineEventAttendanceMode\",\"eventStatus\":\"https:\/\/schema.org\/EventScheduled\",\"startDate\":\"2018-02-17T15:30:00-05:00\",\"endDate\":\"2018-02-17T16:30:00-05:00\",\"location\":{\"@type\":\"Place\",\"name\":\"Recital Hall, UNT College of Music\",\"description\":\"\",\"url\":\"\",\"address\":{\"@type\":\"PostalAddress\",\"streetAddress\":\"415 Avenue C\",\"addressLocality\":\"Denton\",\"addressRegion\":\"TX\",\"postalCode\":\"76201\",\"addressCountry\":\"United States\"},\"telephone\":\"940-565-2791\",\"sameAs\":\"https:\/\/music.unt.edu\"},\"organizer\":{\"@type\":\"Person\",\"name\":\"University of North Texas\",\"description\":\"\",\"url\":\"https:\/\/thempac.music.unt.edu\",\"telephone\":\"940-369-7802\",\"email\":\"&#109;p&#97;c.b&#111;&#120;&#111;ff&#105;&#99;&#101;&#64;&#117;n&#116;.edu\",\"sameAs\":\"https:\/\/thempac.music.unt.edu\"},\"performer\":\"Organization\"},{\"@context\":\"http:\/\/schema.org\",\"@type\":\"Event\",\"name\":\"Gran Gala Piano y Coros\",\"description\":\"\",\"url\":\"https:\/\/evapolgar.com\/hu\/event\/gran-gala-piano-y-coros\/\",\"eventAttendanceMode\":\"https:\/\/schema.org\/OfflineEventAttendanceMode\",\"eventStatus\":\"https:\/\/schema.org\/EventScheduled\",\"startDate\":\"2017-11-17T20:30:00-05:00\",\"endDate\":\"2017-11-17T22:30:00-05:00\",\"location\":{\"@type\":\"Place\",\"name\":\"Teatro de Canc\\u00fan\",\"description\":\"\",\"url\":\"\",\"address\":{\"@type\":\"PostalAddress\",\"streetAddress\":\"Blvd. Kukulcan Km. 4\",\"addressLocality\":\"Canc\\u00fan\",\"postalCode\":\"77500\",\"addressCountry\":\"Mexico\"},\"telephone\":\"+52 998 849 5580\",\"sameAs\":\"http:\/\/www.teatrodecancun.com.mx\"},\"organizer\":{\"@type\":\"Person\",\"name\":\"La Embajada de Hungr\\u00eda en Mexico\",\"description\":\"\",\"url\":\"https:\/\/mexikovaros.mfa.gov.hu\",\"telephone\":\"+52 55 5596 1822\",\"email\":\"&#109;iss&#105;&#111;&#110;.&#109;ex&#64;m&#102;&#97;.gov.&#104;u\",\"sameAs\":\"https:\/\/mexikovaros.mfa.gov.hu\"},\"offers\":{\"@type\":\"Offer\",\"price\":\"100 - 300\",\"priceCurrency\":\"USD\",\"url\":\"https:\/\/evapolgar.com\/hu\/event\/gran-gala-piano-y-coros\/\",\"category\":\"primary\",\"availability\":\"inStock\",\"validFrom\":\"1970-01-01T00:00:00+00:00\"},\"performer\":\"Organization\"},{\"@context\":\"http:\/\/schema.org\",\"@type\":\"Event\",\"name\":\"Recital de m\\u00fasica H\\u00fangara\",\"description\":\"\",\"url\":\"https:\/\/evapolgar.com\/hu\/event\/recital-de-musica-hungara\/\",\"eventAttendanceMode\":\"https:\/\/schema.org\/OfflineEventAttendanceMode\",\"eventStatus\":\"https:\/\/schema.org\/EventScheduled\",\"startDate\":\"2017-11-16T19:00:00-05:00\",\"endDate\":\"2017-11-16T20:30:00-05:00\",\"location\":{\"@type\":\"Place\",\"name\":\"Casa de Cultura Canc\\u00fan\",\"description\":\"\",\"url\":\"\",\"address\":{\"@type\":\"PostalAddress\",\"streetAddress\":\"Av Yaxchil\\u00e1n 21\",\"addressLocality\":\"Canc\\u00fan\",\"postalCode\":\"77505\",\"addressCountry\":\"Mexico\"},\"telephone\":\"+52 998 884 8364\",\"sameAs\":\"\"},\"organizer\":{\"@type\":\"Person\",\"name\":\"La Embajada de Hungr\\u00eda en Mexico\",\"description\":\"\",\"url\":\"https:\/\/mexikovaros.mfa.gov.hu\",\"telephone\":\"+52 55 5596 1822\",\"email\":\"&#109;&#105;s&#115;&#105;&#111;&#110;&#46;m&#101;x&#64;&#109;f&#97;.&#103;o&#118;&#46;&#104;&#117;\",\"sameAs\":\"https:\/\/mexikovaros.mfa.gov.hu\"},\"performer\":\"Organization\"},{\"@context\":\"http:\/\/schema.org\",\"@type\":\"Event\",\"name\":\"Guest Artist Recital\",\"description\":\"\",\"url\":\"https:\/\/evapolgar.com\/hu\/event\/guest-artist-recital-11\/\",\"eventAttendanceMode\":\"https:\/\/schema.org\/OfflineEventAttendanceMode\",\"eventStatus\":\"https:\/\/schema.org\/EventScheduled\",\"startDate\":\"2017-10-26T20:00:00-07:00\",\"endDate\":\"2017-10-26T21:00:00-07:00\",\"location\":{\"@type\":\"Place\",\"name\":\"University of Redlands\",\"description\":\"\",\"url\":\"\",\"address\":{\"@type\":\"PostalAddress\",\"streetAddress\":\"1200 E Colton Ave\",\"addressLocality\":\"Redlands\",\"addressRegion\":\"CA\",\"postalCode\":\"92374\",\"addressCountry\":\"United States\"},\"telephone\":\"(800) 455-5064\",\"sameAs\":\"https:\/\/www.redlands.edu\/study\/schools-and-centers\/school-of-music\/\"},\"organizer\":{\"@type\":\"Person\",\"name\":\"University of Redlands School of Music\",\"description\":\"\",\"url\":\"\",\"telephone\":\"\",\"email\":\"\",\"sameAs\":\"\"},\"offers\":{\"@type\":\"Offer\",\"price\":\"free\",\"priceCurrency\":\"USD\",\"url\":\"https:\/\/evapolgar.com\/hu\/event\/guest-artist-recital-11\/\",\"category\":\"primary\",\"availability\":\"inStock\",\"validFrom\":\"1970-01-01T00:00:00+00:00\"},\"performer\":\"Organization\"},{\"@context\":\"http:\/\/schema.org\",\"@type\":\"Event\",\"name\":\"Sounds Modern\",\"description\":\"&lt;p&gt;In House Taken Over, Sounds Modern will celebrate Misty Keasler\\u2019s exhibition Haunt with a concert of music inspired by haunted houses, invisible presences, and the spirit world. The 2 pm [&hellip;]&lt;\/p&gt;\\\\n\",\"url\":\"https:\/\/evapolgar.com\/hu\/event\/681\/\",\"eventAttendanceMode\":\"https:\/\/schema.org\/OfflineEventAttendanceMode\",\"eventStatus\":\"https:\/\/schema.org\/EventScheduled\",\"startDate\":\"2017-09-23T14:00:00+02:00\",\"endDate\":\"2017-09-23T15:30:00+02:00\",\"performer\":\"Organization\"},{\"@context\":\"http:\/\/schema.org\",\"@type\":\"Event\",\"name\":\"2nd Hungarian Heritage Festival\",\"description\":\"\",\"url\":\"https:\/\/evapolgar.com\/hu\/event\/2nd-hungarian-heritage-festival\/\",\"eventAttendanceMode\":\"https:\/\/schema.org\/OfflineEventAttendanceMode\",\"eventStatus\":\"https:\/\/schema.org\/EventScheduled\",\"startDate\":\"2017-09-10T19:00:00-04:00\",\"endDate\":\"2017-09-10T20:00:00-04:00\",\"location\":{\"@type\":\"Place\",\"name\":\"Hungarian House of New York\",\"description\":\"\",\"url\":\"\",\"address\":{\"@type\":\"PostalAddress\",\"streetAddress\":\"213 E 82nd Street\",\"addressLocality\":\"New York\",\"addressRegion\":\"NY\",\"postalCode\":\"10028\",\"addressCountry\":\"United States\"},\"telephone\":\"+1-212-249-9360\",\"sameAs\":\"http:\/\/www.hungarianhouse.org\"},\"organizer\":{\"@type\":\"Person\",\"name\":\"Hungarian House of New York\",\"description\":\"\",\"url\":\"http:\/\/www.hungarianhouse.org\",\"telephone\":\"+1-212-249-9360\",\"email\":\"h&#117;ngar&#105;&#97;&#110;ho&#117;&#115;e&#110;&#121;&#99;&#64;g&#109;&#97;i&#108;.c&#111;&#109;\",\"sameAs\":\"http:\/\/www.hungarianhouse.org\"},\"offers\":{\"@type\":\"Offer\",\"price\":\"0\",\"priceCurrency\":\"USD\",\"url\":\"https:\/\/evapolgar.com\/hu\/event\/2nd-hungarian-heritage-festival\/\",\"category\":\"primary\",\"availability\":\"inStock\",\"validFrom\":\"1970-01-01T00:00:00+00:00\"},\"performer\":\"Organization\"}]\r\n<\/script><!--\n Event listing powered by The Events Calendar Shortcode\n https:\/\/eventcalendarnewsletter.com\/the-events-calendar-shortcode\/ \n--><\/p>\t\t\t\t\t\t\t\t<\/div>\n\t\t\t\t<\/div>\n\t\t\t\t\t<\/div>\n\t\t<\/div>\n\t\t\t\t\t<\/div>\n\t\t<\/section>\n\t\t\t\t<\/div>\n\t\t","protected":false},"excerpt":{"rendered":"<p>Schedule \u2022 Upcoming Events \u00a0 Past Events<\/p>","protected":false},"author":10,"featured_media":0,"parent":0,"menu_order":0,"comment_status":"closed","ping_status":"closed","template":"","meta":{"site-sidebar-layout":"default","site-content-layout":"default","ast-site-content-layout":"","site-content-style":"default","site-sidebar-style":"default","ast-global-header-display":"","ast-banner-title-visibility":"","ast-main-header-display":"","ast-hfb-above-header-display":"","ast-hfb-below-header-display":"","ast-hfb-mobile-header-display":"","site-post-title":"disabled","ast-breadcrumbs-content":"","ast-featured-img":"disabled","footer-sml-layout":"","theme-transparent-header-meta":"default","adv-header-id-meta":"","stick-header-meta":"","header-above-stick-meta":"","header-main-stick-meta":"","header-below-stick-meta":"","astra-migrate-meta-layouts":"default","ast-page-background-enabled":"default","ast-page-background-meta":{"desktop":{"background-color":"var(--ast-global-color-4)","background-image":"","background-repeat":"repeat","background-position":"center center","background-size":"auto","background-attachment":"scroll","background-type":"","background-media":"","overlay-type":"","overlay-color":"","overlay-gradient":""},"tablet":{"background-color":"","background-image":"","background-repeat":"repeat","background-position":"center center","background-size":"auto","background-attachment":"scroll","background-type":"","background-media":"","overlay-type":"","overlay-color":"","overlay-gradient":""},"mobile":{"background-color":"","background-image":"","background-repeat":"repeat","background-position":"center center","background-size":"auto","background-attachment":"scroll","background-type":"","background-media":"","overlay-type":"","overlay-color":"","overlay-gradient":""}},"ast-content-background-meta":{"desktop":{"background-color":"var(--ast-global-color-5)","background-image":"","background-repeat":"repeat","background-position":"center center","background-size":"auto","background-attachment":"scroll","background-type":"","background-media":"","overlay-type":"","overlay-color":"","overlay-gradient":""},"tablet":{"background-color":"var(--ast-global-color-5)","background-image":"","background-repeat":"repeat","background-position":"center center","background-size":"auto","background-attachment":"scroll","background-type":"","background-media":"","overlay-type":"","overlay-color":"","overlay-gradient":""},"mobile":{"background-color":"var(--ast-global-color-5)","background-image":"","background-repeat":"repeat","background-position":"center center","background-size":"auto","background-attachment":"scroll","background-type":"","background-media":"","overlay-type":"","overlay-color":"","overlay-gradient":""}},"footnotes":"","_links_to":"","_links_to_target":""},"class_list":["post-1008","page","type-page","status-publish","hentry"],"_links":{"self":[{"href":"https:\/\/evapolgar.com\/hu\/wp-json\/wp\/v2\/pages\/1008","targetHints":{"allow":["GET"]}}],"collection":[{"href":"https:\/\/evapolgar.com\/hu\/wp-json\/wp\/v2\/pages"}],"about":[{"href":"https:\/\/evapolgar.com\/hu\/wp-json\/wp\/v2\/types\/page"}],"author":[{"embeddable":true,"href":"https:\/\/evapolgar.com\/hu\/wp-json\/wp\/v2\/users\/10"}],"replies":[{"embeddable":true,"href":"https:\/\/evapolgar.com\/hu\/wp-json\/wp\/v2\/comments?post=1008"}],"version-history":[{"count":16,"href":"https:\/\/evapolgar.com\/hu\/wp-json\/wp\/v2\/pages\/1008\/revisions"}],"predecessor-version":[{"id":1526,"href":"https:\/\/evapolgar.com\/hu\/wp-json\/wp\/v2\/pages\/1008\/revisions\/1526"}],"wp:attachment":[{"href":"https:\/\/evapolgar.com\/hu\/wp-json\/wp\/v2\/media?parent=1008"}],"curies":[{"name":"wp","href":"https:\/\/api.w.org\/{rel}","templated":true}]}}